{"id":3,"date":"2020-05-06T16:58:14","date_gmt":"2020-05-06T16:58:14","guid":{"rendered":"https:\/\/www.grupoapellaniz.com\/?page_id=3"},"modified":"2021-03-24T22:28:19","modified_gmt":"2021-03-24T21:28:19","slug":"politica-de-privacidad","status":"publish","type":"page","link":"https:\/\/www.grupoapellaniz.com\/fr\/politica-de-privacidad\/","title":{"rendered":"Politique de confidentialit\u00e9"},"content":{"rendered":"<p>Vous trouverez ici ce qui est fait et ce qui n'est pas fait avec vos donn\u00e9es personnelles sur ce site web.<\/p>\n\n\n\n<p>Cette politique d\u00e9finit la mani\u00e8re dont nous traiterons et prot\u00e9gerons les informations personnelles de toutes les personnes qui interagissent avec le GRUPO APELLANIZ par le biais de ce site web. Veuillez lire toutes les sections de l'avis juridique, de la politique en mati\u00e8re de cookies et de la pr\u00e9sente politique de confidentialit\u00e9 avant d'utiliser ce site web.<\/p>\n\n\n\n<p>Conform\u00e9ment aux dispositions du R\u00e8glement UE 2016\/679, du Parlement europ\u00e9en et du Conseil du 27 avril 2016 (GDPR) et de la Loi organique 3\/2018, du 5 d\u00e9cembre, sur la protection des donn\u00e9es \u00e0 caract\u00e8re personnel et la garantie des droits num\u00e9riques, BUPRE S.L., vous informe qu'en acceptant cette politique de confidentialit\u00e9, vous donnez votre consentement expr\u00e8s, \u00e9clair\u00e9, libre et sans \u00e9quivoque pour que les Donn\u00e9es que vous fournissez, et sur lesquelles sont appliqu\u00e9es les mesures de s\u00e9curit\u00e9, techniques et organisationnelles pr\u00e9vues par la r\u00e9glementation en vigueur, soient trait\u00e9es par BUPRE S.L., en tant que responsable du traitement.<\/p>\n\n\n\n<h2 class=\"wp-block-heading\"><strong>Qui est responsable de ce site web ?<\/strong><\/h2>\n\n\n\n<ul class=\"wp-block-list\"><li><strong>Identit\u00e9 de la personne responsable :<\/strong> BUPRE S.L.<\/li><li><strong>Nom commercial :<\/strong> GROUPE APELLANIZ<\/li><li><strong>NIF\/CIF :<\/strong> B09293770<\/li><li><strong>Adresse :<\/strong> C\/ Valle del Mena 8 09001 Burgos<\/li><li><strong>E-mail :<\/strong> info@grupoapellaniz.com<\/li><li><strong>Activit\u00e9 :<\/strong> Fabrication de produits en b\u00e9ton pr\u00e9fabriqu\u00e9<\/li><li><strong>Coordonn\u00e9es de la personne responsable ou du repr\u00e9sentant, et du d\u00e9l\u00e9gu\u00e9 \u00e0 la protection des donn\u00e9es<\/strong>Vous pouvez nous contacter en utilisant le formulaire de contact ou en \u00e9crivant un courriel \u00e0 info@grupoapellaniz.com.<\/li><li><strong>Registre du commerce n\u00b0 :<\/strong> Inscrit le 19\/02\/2002 au registre du commerce de Burgos. Volume 333, livre 124, page 162, section 8, entr\u00e9e 5, feuille d'enregistrement BU 4363.<\/li><\/ul>\n\n\n\n<h2 class=\"wp-block-heading\"><strong>Quelles sont les donn\u00e9es personnelles collect\u00e9es sur ce site ?<\/strong><\/h2>\n\n\n\n<p>Aux fins \u00e9nonc\u00e9es dans la pr\u00e9sente politique de confidentialit\u00e9, le GRUPO APELLANIZ traite les donn\u00e9es personnelles d\u00e9taill\u00e9es ci-dessous, qui d\u00e9pendront des diff\u00e9rents produits ou services que vous demandez sur ce site Web :<\/p>\n\n\n\n<p><strong>Donn\u00e9es d'identification :<\/strong> pr\u00e9nom, nom.<\/p>\n\n\n\n<p><strong>Coordonn\u00e9es de la personne \u00e0 contacter<\/strong>adresse postale, adresse \u00e9lectronique, num\u00e9ro de t\u00e9l\u00e9phone portable.<\/p>\n\n\n\n<p><strong>Donn\u00e9es contractuelles :<\/strong> donn\u00e9es sur les transactions contractuelles, DNI, produits et services achet\u00e9s, transactions financi\u00e8res, donn\u00e9es de paiement.<\/p>\n\n\n\n<p><strong>Donn\u00e9es de navigation<\/strong>Adresse IP, type et identification de l'appareil, type de navigateur, domaine par lequel vous acc\u00e9dez au site web, donn\u00e9es de navigation, activit\u00e9 sur le site web.<\/p>\n\n\n\n<h2 class=\"wp-block-heading\"><strong>Sur quelle base juridique ces donn\u00e9es sont-elles trait\u00e9es ?<\/strong><\/h2>\n\n\n\n<p>Nous traitons vos donn\u00e9es personnelles sur les bases juridiques suivantes :<\/p>\n\n\n\n<ul class=\"wp-block-list\"><li><strong>L'ex\u00e9cution d'un contrat avec le GRUPO APELLANIZ, <\/strong>pour la passation de contrats de services, la publication d'annonces et la gestion des services demand\u00e9s.<\/li><li><strong>Consentement<\/strong> de l'utilisateur en ce qui concerne la prise de contact, l'abonnement \u00e0 des contenus et l'envoi de communications commerciales par courrier \u00e9lectronique, cookies ou syst\u00e8mes de messagerie.<\/li><li><strong>Int\u00e9r\u00eat l\u00e9gitime<\/strong> du responsable du traitement des donn\u00e9es pour prot\u00e9ger les utilisateurs du site web du GRUPO APELLANIZ contre les abus et les fraudes dans l'utilisation de nos services.<\/li><\/ul>\n\n\n\n<h2 class=\"wp-block-heading\"><strong>\u00c0 quelles fins traitons-nous vos donn\u00e9es ?<\/strong><\/h2>\n\n\n\n<p>Sur ce site web, il existe diff\u00e9rents formulaires, dans chacun desquels les informations collect\u00e9es seront utilis\u00e9es de la mani\u00e8re suivante :<\/p>\n\n\n\n<p><strong>Formulaires d'abonnement au contenu : <\/strong>il existe plusieurs formulaires pour activer l'abonnement. Les donn\u00e9es fournies seront utilis\u00e9es exclusivement pour l'envoi de la Newsletter et pour vous tenir au courant des nouveaut\u00e9s et des offres sp\u00e9ciales, exclusivement pour les abonn\u00e9s de grupoapellaniz.com.<\/p>\n\n\n\n<p><strong>Formulaire de retour d'information<\/strong>Les donn\u00e9es personnelles saisies dans le formulaire d'insertion de ces commentaires seront utilis\u00e9es exclusivement pour les mod\u00e9rer et les publier.<\/p>\n\n\n\n<p><strong>Formulaire de contact :<\/strong> Il existe \u00e9galement un formulaire de contact pour les demandes de renseignements, les suggestions ou les contacts professionnels. Dans ce cas, l'adresse \u00e9lectronique sera utilis\u00e9e pour y r\u00e9pondre et envoyer les informations dont l'utilisateur a besoin par l'interm\u00e9diaire du site web.<\/p>\n\n\n\n<p><strong>Formulaire d'inscription :<\/strong> Dans ce cas, nous vous demandons les donn\u00e9es personnelles suivantes : nom, adresse \u00e9lectronique, afin que vous puissiez cr\u00e9er un compte dans notre syst\u00e8me et acc\u00e9der \u00e0 ses fonctionnalit\u00e9s.<\/p>\n\n\n\n<p><strong>Formulaire de vente<\/strong>Nous traitons \u00e9galement les donn\u00e9es pour g\u00e9rer l'achat de produits d'ameublement et de d\u00e9coration, y compris la gestion de la commande, le paiement et toutes les op\u00e9rations li\u00e9es \u00e0 l'obtention du service ou du produit choisi. Cela comprend l'envoi d'e-mails de suivi, de r\u00e9ponses, de factures, de re\u00e7us, etc.<\/p>\n\n\n\n<h2 class=\"wp-block-heading\"><strong>P\u00e9riode de conservation des donn\u00e9es \u00e0 caract\u00e8re personnel<\/strong><\/h2>\n\n\n\n<p><strong>Donn\u00e9es du client :<\/strong> La dur\u00e9e de conservation des donn\u00e9es personnelles varie en fonction du service souscrit par le client. En tout \u00e9tat de cause, elle sera la plus courte possible et pourra \u00eatre conserv\u00e9e jusqu'\u00e0 la fin de l'ann\u00e9e :<\/p>\n\n\n\n<p>- 4 ans : loi sur les infractions et les sanctions dans l'ordre social (obligations en mati\u00e8re d'affiliation, d'enregistrement, de radiation, de cotisations, de paiement des salaires...) ; articles 66 et suivants de la Ley General Tributaria (livres comptables...). Ley General Tributaria (livres comptables...).<\/p>\n\n\n\n<p>- 5 ans : art. 1964 du code civil (actions personnelles sans d\u00e9lai particulier).<\/p>\n\n\n\n<p>- 6 ans : art. 30 du code du commerce (livres comptables, factures, etc.).<\/p>\n\n\n\n<p>- 10 ans : article 25 de la loi sur la pr\u00e9vention du blanchiment de capitaux et du financement du terrorisme.<\/p>\n\n\n\n<p><strong>Donn\u00e9es relatives \u00e0 l'abonn\u00e9<\/strong>Du moment o\u00f9 l'utilisateur s'inscrit jusqu'au moment o\u00f9 il se d\u00e9sinscrit.<\/p>\n\n\n\n<p><strong>Donn\u00e9es sur les clients potentiels<\/strong>Les donn\u00e9es seront conserv\u00e9es en tout \u00e9tat de cause pendant la dur\u00e9e de la relation commerciale \u00e9tablie et, une fois celle-ci termin\u00e9e, pendant deux ans, \u00e0 moins que l'utilisateur n'en demande la suppression au pr\u00e9alable.<\/p>\n\n\n\n<h2 class=\"wp-block-heading\"><strong>Quels sont vos droits concernant l'utilisation de vos donn\u00e9es ?<\/strong><\/h2>\n\n\n\n<p>Toute personne a le droit d'obtenir la confirmation que le GRUPO APELLANIZ traite ou non des donn\u00e9es personnelles la concernant.<\/p>\n\n\n\n<p>Les personnes int\u00e9ress\u00e9es ont le droit de :<\/p>\n\n\n\n<ul class=\"wp-block-list\"><li>Demander l'acc\u00e8s aux donn\u00e9es personnelles concernant la personne concern\u00e9e.<\/li><li>Demander sa rectification ou son effacement.<\/li><li>Demander son annulation.<\/li><li>demander la limitation de leur traitement.<\/li><li>Traitement contradictoire.<\/li><li>Demander la portabilit\u00e9 des donn\u00e9es.<\/li><\/ul>\n\n\n\n<p>Si vous avez donn\u00e9 votre consentement pour une finalit\u00e9 sp\u00e9cifique, vous avez le droit de le retirer \u00e0 tout moment, sans que cela n'affecte la l\u00e9galit\u00e9 du traitement fond\u00e9 sur votre consentement avant son retrait.<\/p>\n\n\n\n<p>Si vous estimez que vos droits concernant la protection de vos donn\u00e9es personnelles ont \u00e9t\u00e9 viol\u00e9s, en particulier si vous n'avez pas obtenu satisfaction dans l'exercice de vos droits, vous pouvez introduire une plainte aupr\u00e8s de l'autorit\u00e9 de contr\u00f4le de la protection des donn\u00e9es comp\u00e9tente via son site web :<a href=\"https:\/\/www.aepd.es\/es\" target=\"_blank\" rel=\"noopener\"> <em>https:\/\/www.aepd.es\/es<\/em><\/a><\/p>\n\n\n\n<p>Pour exercer ces droits, veuillez \u00e9crire \u00e0 info@grupoapellaniz.com.<\/p>\n\n\n\n<p><strong>Il existe un formulaire pour l'exercice de vos droits<\/strong>Vous pouvez le commander par courrier \u00e9lectronique ou, si vous pr\u00e9f\u00e9rez, vous pouvez utiliser le formulaire de demande d'information.<a href=\"https:\/\/www.aepd.es\/es\/derechos-y-deberes\/conoce-tus-derechos\" target=\"_blank\" rel=\"noopener\"> <em>celles \u00e9labor\u00e9es par l'Agence espagnole de protection des donn\u00e9es ou par des tiers.<\/em><\/a><\/p>\n\n\n\n<p>Ces formulaires doivent \u00eatre sign\u00e9s \u00e9lectroniquement ou accompagn\u00e9s d'une photocopie de la carte d'identit\u00e9.<\/p>\n\n\n\n<p>Si vous \u00eates repr\u00e9sent\u00e9 par quelqu'un, vous devez joindre une copie de votre carte d'identit\u00e9 ou signer avec votre signature \u00e9lectronique.<\/p>\n\n\n\n<p>Les formulaires peuvent \u00eatre d\u00e9pos\u00e9s en personne, par lettre ou par courrier \u00e0 l'adresse de la personne responsable indiqu\u00e9e au d\u00e9but de ce texte.<\/p>\n\n\n\n<h2 class=\"wp-block-heading\"><strong>Notification de s\u00e9curit\u00e9 et d\u00e9claration sur les lacunes<\/strong><\/h2>\n\n\n\n<p>APELLANIZ GROUP prend des mesures de s\u00e9curit\u00e9 appropri\u00e9es au niveau de risque pour prot\u00e9ger les informations personnelles contre la perte, l'utilisation abusive et l'acc\u00e8s non autoris\u00e9, la divulgation, l'alt\u00e9ration et la destruction, en tenant compte des risques li\u00e9s au traitement et \u00e0 la nature des informations personnelles ; Cependant, si APELLANIZ GROUP d\u00e9termine que vos donn\u00e9es de service ont \u00e9t\u00e9 d\u00e9tourn\u00e9es (y compris par un employ\u00e9 d'APELLANIZ GROUP), expos\u00e9es par une faille de s\u00e9curit\u00e9 ou acquises de mani\u00e8re inappropri\u00e9e par un tiers, APELLANIZ GROUP vous informera rapidement de cette faille de s\u00e9curit\u00e9, de ce d\u00e9tournement ou de cette acquisition inappropri\u00e9e.<\/p>\n\n\n\n<h2 class=\"wp-block-heading\"><strong>\u00c0 quels destinataires vos donn\u00e9es seront-elles communiqu\u00e9es ?<\/strong><\/h2>\n\n\n\n<p>De nombreux outils utilis\u00e9s sur ce site web pour g\u00e9rer les donn\u00e9es sont sous-trait\u00e9s \u00e0 des tiers. Pour fournir les services strictement n\u00e9cessaires au d\u00e9veloppement de l'activit\u00e9, le GRUPO APELLANIZ partage les donn\u00e9es avec les fournisseurs suivants, conform\u00e9ment aux conditions de confidentialit\u00e9 correspondantes :<\/p>\n\n\n\n<p>Des prestataires de services tiers (par exemple, des services de traitement des paiements, de traitement des commandes, d'analyse, de gestion de campagnes de marketing, de gestion de sites web, de distribution d'e-mails et d'autres prestataires de services similaires) afin qu'ils puissent ex\u00e9cuter des fonctions commerciales pour le compte du GROUPE APELLANIZ.<\/p>\n\n\n\n<p>Ce site web peut \u00eatre consult\u00e9 occasionnellement par la soci\u00e9t\u00e9 de d\u00e9veloppement et de maintenance web, ou par la soci\u00e9t\u00e9 d'h\u00e9bergement. Ces soci\u00e9t\u00e9s ont sign\u00e9 un contrat de prestation de services qui les oblige \u00e0 respecter le m\u00eame niveau de confidentialit\u00e9 que celui qui s'applique au traitement effectu\u00e9 sur ce site web.<\/p>\n\n\n\n<p>Tout transfert international de donn\u00e9es d\u00e9coulant de l'utilisation d'outils ou de fournisseurs de services sera soumis \u00e0 l'accord Privacy Shield, qui garantit que les entreprises am\u00e9ricaines de logiciels respectent les politiques europ\u00e9ennes de protection des donn\u00e9es en mati\u00e8re de vie priv\u00e9e, de secret et de s\u00e9curit\u00e9 des donn\u00e9es.<\/p>\n\n\n\n<p>Plus pr\u00e9cis\u00e9ment, ce site web utilise les outils suivants :<\/p>\n\n\n\n<ul class=\"wp-block-list\"><li>Outils d'analyse : Google Analytics.<\/li><\/ul>\n\n\n\n<h2 class=\"wp-block-heading\"><strong>Secret et s\u00e9curit\u00e9 des donn\u00e9es<\/strong><\/h2>\n\n\n\n<p>grupoapellaniz.com s'engage \u00e0 utiliser et \u00e0 traiter les donn\u00e9es personnelles de l'utilisateur, en respectant leur confidentialit\u00e9, conform\u00e9ment \u00e0 leur finalit\u00e9 ; ainsi qu'\u00e0 respecter son obligation de les conserver et d'adapter toutes les mesures pour \u00e9viter leur alt\u00e9ration, perte, traitement ou acc\u00e8s non autoris\u00e9, conform\u00e9ment aux dispositions de la l\u00e9gislation en vigueur en mati\u00e8re de protection des donn\u00e9es.<\/p>\n\n\n\n<p>Ce site web comprend un certificat SSL. Il s'agit d'un protocole de s\u00e9curit\u00e9 qui fait voyager vos donn\u00e9es de mani\u00e8re int\u00e9grale et s\u00e9curis\u00e9e, c'est-\u00e0-dire que la transmission des donn\u00e9es entre un serveur et l'internaute, et en retour est enti\u00e8rement crypt\u00e9e ou chiffr\u00e9e.<\/p>\n\n\n\n<p>grupoapellaniz.com ne peut garantir l'impr\u00e9gnabilit\u00e9 absolue du r\u00e9seau Internet, ni, par cons\u00e9quent, la violation des donn\u00e9es par l'acc\u00e8s frauduleux \u00e0 celles-ci par des tiers.<\/p>\n\n\n\n<p>En ce qui concerne la confidentialit\u00e9 du traitement, APELLANIZ GROUP s'assurera que toute personne autoris\u00e9e par APELLANIZ GROUP \u00e0 traiter les donn\u00e9es du Client (y compris son personnel, ses collaborateurs et ses prestataires de services) sera soumise \u00e0 une obligation de confidentialit\u00e9 appropri\u00e9e (qu'il s'agisse d'une obligation contractuelle ou l\u00e9gale).<\/p>\n\n\n\n<p>Lorsqu'un incident de s\u00e9curit\u00e9 se produit, le GRUPO APELLANIZ en informe le client dans les plus brefs d\u00e9lais et lui fournit en temps utile les informations relatives \u00e0 l'incident de s\u00e9curit\u00e9 d\u00e8s qu'il en a connaissance ou lorsque le client en fait la demande raisonnable.<\/p>\n\n\n\n<h2 class=\"wp-block-heading\"><strong>Exactitude et v\u00e9racit\u00e9 des donn\u00e9es<\/strong><\/h2>\n\n\n\n<p>En tant qu'utilisateur, vous \u00eates le seul responsable de la v\u00e9racit\u00e9 et de l'exactitude des donn\u00e9es que vous envoyez \u00e0 grupoapellaniz.com, exon\u00e9rant BUPRE S.L. (GRUPO APELLANIZ) de toute responsabilit\u00e9 \u00e0 cet \u00e9gard. L'utilisateur garantit et est responsable, dans tous les cas, de l'exactitude, de la validit\u00e9 et de l'authenticit\u00e9 des donn\u00e9es personnelles qu'il fournit, et s'engage \u00e0 les tenir d\u00fbment \u00e0 jour. L'utilisateur s'engage \u00e0 fournir des informations compl\u00e8tes et correctes dans le formulaire de contact ou d'abonnement.<\/p>\n\n\n\n<h2 class=\"wp-block-heading\"><strong>R\u00e9vocabilit\u00e9<\/strong><\/h2>\n\n\n\n<p>Le consentement donn\u00e9, tant pour le traitement que pour la cession des donn\u00e9es des int\u00e9ress\u00e9s, peut \u00eatre r\u00e9voqu\u00e9 \u00e0 tout moment en le notifiant \u00e0 BUPRE S.L. (GRUPO APELLANIZ) dans les termes \u00e9tablis dans la pr\u00e9sente politique pour l'exercice des droits de l'ARCO. Cette r\u00e9vocation ne sera en aucun cas r\u00e9troactive.<\/p>\n\n\n\n<h2 class=\"wp-block-heading\"><strong>Modifications de la politique de confidentialit\u00e9<\/strong><\/h2>\n\n\n\n<p>BUPRE S.L. se r\u00e9serve le droit de modifier cette politique pour l'adapter aux nouvelles l\u00e9gislations ou jurisprudences, ainsi qu'aux pratiques de l'industrie. Dans ce cas, elle annoncera sur cette page les changements introduits raisonnablement avant leur mise en \u0153uvre.<\/p>\n\n\n\n<p>Cette politique de confidentialit\u00e9 a \u00e9t\u00e9 mise \u00e0 jour pour la derni\u00e8re fois le 24\/03\/2021.<\/p>","protected":false},"excerpt":{"rendered":"<p>Lo que se hace y no se hace con tus datos personales en esta web lo encontrar\u00e1s aqu\u00ed. Esta pol\u00edtica expresa c\u00f3mo se tratar\u00e1 y proteger\u00e1 la informaci\u00f3n personal de todas las personas que se relacionan con GRUPO APELLANIZ a trav\u00e9s de este sitio web. Por favor, debes leer todos los apartados del Aviso Legal, [&hellip;]<\/p>\n","protected":false},"author":1,"featured_media":0,"parent":0,"menu_order":0,"comment_status":"closed","ping_status":"closed","template":"","meta":{"_acf_changed":false,"footnotes":""},"class_list":["post-3","page","type-page","status-publish","hentry"],"acf":[],"yoast_head":"<!-- This site is optimized with the Yoast SEO plugin v27.4 - https:\/\/yoast.com\/product\/yoast-seo-wordpress\/ -->\n<title>Pol\u00edtica de privacidad - Grupo Apell\u00e1niz<\/title>\n<meta name=\"robots\" content=\"index, follow, max-snippet:-1, max-image-preview:large, max-video-preview:-1\" \/>\n<link rel=\"canonical\" href=\"https:\/\/www.grupoapellaniz.com\/fr\/politica-de-privacidad\/\" \/>\n<meta property=\"og:locale\" content=\"fr_FR\" \/>\n<meta property=\"og:type\" content=\"article\" \/>\n<meta property=\"og:title\" content=\"Pol\u00edtica de privacidad - Grupo Apell\u00e1niz\" \/>\n<meta property=\"og:description\" content=\"Lo que se hace y no se hace con tus datos personales en esta web lo encontrar\u00e1s aqu\u00ed. Esta pol\u00edtica expresa c\u00f3mo se tratar\u00e1 y proteger\u00e1 la informaci\u00f3n personal de todas las personas que se relacionan con GRUPO APELLANIZ a trav\u00e9s de este sitio web. Por favor, debes leer todos los apartados del Aviso Legal, [&hellip;]\" \/>\n<meta property=\"og:url\" content=\"https:\/\/www.grupoapellaniz.com\/fr\/politica-de-privacidad\/\" \/>\n<meta property=\"og:site_name\" content=\"Grupo Apell\u00e1niz\" \/>\n<meta property=\"article:modified_time\" content=\"2021-03-24T21:28:19+00:00\" \/>\n<meta name=\"twitter:card\" content=\"summary_large_image\" \/>\n<meta name=\"twitter:label1\" content=\"Dur\u00e9e de lecture estim\u00e9e\" \/>\n\t<meta name=\"twitter:data1\" content=\"10 minutes\" \/>\n<script type=\"application\/ld+json\" class=\"yoast-schema-graph\">{\"@context\":\"https:\\\/\\\/schema.org\",\"@graph\":[{\"@type\":\"WebPage\",\"@id\":\"https:\\\/\\\/www.grupoapellaniz.com\\\/politica-de-privacidad\\\/\",\"url\":\"https:\\\/\\\/www.grupoapellaniz.com\\\/politica-de-privacidad\\\/\",\"name\":\"Pol\u00edtica de privacidad - Grupo Apell\u00e1niz\",\"isPartOf\":{\"@id\":\"https:\\\/\\\/www.grupoapellaniz.com\\\/#website\"},\"datePublished\":\"2020-05-06T16:58:14+00:00\",\"dateModified\":\"2021-03-24T21:28:19+00:00\",\"breadcrumb\":{\"@id\":\"https:\\\/\\\/www.grupoapellaniz.com\\\/politica-de-privacidad\\\/#breadcrumb\"},\"inLanguage\":\"fr-FR\",\"potentialAction\":[{\"@type\":\"ReadAction\",\"target\":[\"https:\\\/\\\/www.grupoapellaniz.com\\\/politica-de-privacidad\\\/\"]}]},{\"@type\":\"BreadcrumbList\",\"@id\":\"https:\\\/\\\/www.grupoapellaniz.com\\\/politica-de-privacidad\\\/#breadcrumb\",\"itemListElement\":[{\"@type\":\"ListItem\",\"position\":1,\"name\":\"Portada\",\"item\":\"https:\\\/\\\/www.grupoapellaniz.com\\\/\"},{\"@type\":\"ListItem\",\"position\":2,\"name\":\"Pol\u00edtica de privacidad\"}]},{\"@type\":\"WebSite\",\"@id\":\"https:\\\/\\\/www.grupoapellaniz.com\\\/#website\",\"url\":\"https:\\\/\\\/www.grupoapellaniz.com\\\/\",\"name\":\"Grupo Apell\u00e1niz\",\"description\":\"Elementos de sujeci\u00f3n galvanizados y prefabricados de hormig\u00f3n\",\"publisher\":{\"@id\":\"https:\\\/\\\/www.grupoapellaniz.com\\\/#organization\"},\"potentialAction\":[{\"@type\":\"SearchAction\",\"target\":{\"@type\":\"EntryPoint\",\"urlTemplate\":\"https:\\\/\\\/www.grupoapellaniz.com\\\/?s={search_term_string}\"},\"query-input\":{\"@type\":\"PropertyValueSpecification\",\"valueRequired\":true,\"valueName\":\"search_term_string\"}}],\"inLanguage\":\"fr-FR\"},{\"@type\":\"Organization\",\"@id\":\"https:\\\/\\\/www.grupoapellaniz.com\\\/#organization\",\"name\":\"Grupo Apell\u00e1niz\",\"url\":\"https:\\\/\\\/www.grupoapellaniz.com\\\/\",\"logo\":{\"@type\":\"ImageObject\",\"inLanguage\":\"fr-FR\",\"@id\":\"https:\\\/\\\/www.grupoapellaniz.com\\\/#\\\/schema\\\/logo\\\/image\\\/\",\"url\":\"https:\\\/\\\/www.grupoapellaniz.com\\\/wp-content\\\/uploads\\\/2020\\\/10\\\/logo-apellaniz.png\",\"contentUrl\":\"https:\\\/\\\/www.grupoapellaniz.com\\\/wp-content\\\/uploads\\\/2020\\\/10\\\/logo-apellaniz.png\",\"width\":300,\"height\":66,\"caption\":\"Grupo Apell\u00e1niz\"},\"image\":{\"@id\":\"https:\\\/\\\/www.grupoapellaniz.com\\\/#\\\/schema\\\/logo\\\/image\\\/\"}}]}<\/script>\n<!-- \/ Yoast SEO plugin. -->","yoast_head_json":{"title":"Pol\u00edtica de privacidad - Grupo Apell\u00e1niz","robots":{"index":"index","follow":"follow","max-snippet":"max-snippet:-1","max-image-preview":"max-image-preview:large","max-video-preview":"max-video-preview:-1"},"canonical":"https:\/\/www.grupoapellaniz.com\/fr\/politica-de-privacidad\/","og_locale":"fr_FR","og_type":"article","og_title":"Pol\u00edtica de privacidad - Grupo Apell\u00e1niz","og_description":"Lo que se hace y no se hace con tus datos personales en esta web lo encontrar\u00e1s aqu\u00ed. Esta pol\u00edtica expresa c\u00f3mo se tratar\u00e1 y proteger\u00e1 la informaci\u00f3n personal de todas las personas que se relacionan con GRUPO APELLANIZ a trav\u00e9s de este sitio web. Por favor, debes leer todos los apartados del Aviso Legal, [&hellip;]","og_url":"https:\/\/www.grupoapellaniz.com\/fr\/politica-de-privacidad\/","og_site_name":"Grupo Apell\u00e1niz","article_modified_time":"2021-03-24T21:28:19+00:00","twitter_card":"summary_large_image","twitter_misc":{"Dur\u00e9e de lecture estim\u00e9e":"10 minutes"},"schema":{"@context":"https:\/\/schema.org","@graph":[{"@type":"WebPage","@id":"https:\/\/www.grupoapellaniz.com\/politica-de-privacidad\/","url":"https:\/\/www.grupoapellaniz.com\/politica-de-privacidad\/","name":"Pol\u00edtica de privacidad - Grupo Apell\u00e1niz","isPartOf":{"@id":"https:\/\/www.grupoapellaniz.com\/#website"},"datePublished":"2020-05-06T16:58:14+00:00","dateModified":"2021-03-24T21:28:19+00:00","breadcrumb":{"@id":"https:\/\/www.grupoapellaniz.com\/politica-de-privacidad\/#breadcrumb"},"inLanguage":"fr-FR","potentialAction":[{"@type":"ReadAction","target":["https:\/\/www.grupoapellaniz.com\/politica-de-privacidad\/"]}]},{"@type":"BreadcrumbList","@id":"https:\/\/www.grupoapellaniz.com\/politica-de-privacidad\/#breadcrumb","itemListElement":[{"@type":"ListItem","position":1,"name":"Portada","item":"https:\/\/www.grupoapellaniz.com\/"},{"@type":"ListItem","position":2,"name":"Pol\u00edtica de privacidad"}]},{"@type":"WebSite","@id":"https:\/\/www.grupoapellaniz.com\/#website","url":"https:\/\/www.grupoapellaniz.com\/","name":"Groupe Apell\u00e1niz","description":"Elementos de sujeci\u00f3n galvanizados y prefabricados de hormig\u00f3n","publisher":{"@id":"https:\/\/www.grupoapellaniz.com\/#organization"},"potentialAction":[{"@type":"SearchAction","target":{"@type":"EntryPoint","urlTemplate":"https:\/\/www.grupoapellaniz.com\/?s={search_term_string}"},"query-input":{"@type":"PropertyValueSpecification","valueRequired":true,"valueName":"search_term_string"}}],"inLanguage":"fr-FR"},{"@type":"Organization","@id":"https:\/\/www.grupoapellaniz.com\/#organization","name":"Groupe Apell\u00e1niz","url":"https:\/\/www.grupoapellaniz.com\/","logo":{"@type":"ImageObject","inLanguage":"fr-FR","@id":"https:\/\/www.grupoapellaniz.com\/#\/schema\/logo\/image\/","url":"https:\/\/www.grupoapellaniz.com\/wp-content\/uploads\/2020\/10\/logo-apellaniz.png","contentUrl":"https:\/\/www.grupoapellaniz.com\/wp-content\/uploads\/2020\/10\/logo-apellaniz.png","width":300,"height":66,"caption":"Grupo Apell\u00e1niz"},"image":{"@id":"https:\/\/www.grupoapellaniz.com\/#\/schema\/logo\/image\/"}}]}},"_links":{"self":[{"href":"https:\/\/www.grupoapellaniz.com\/fr\/wp-json\/wp\/v2\/pages\/3","targetHints":{"allow":["GET"]}}],"collection":[{"href":"https:\/\/www.grupoapellaniz.com\/fr\/wp-json\/wp\/v2\/pages"}],"about":[{"href":"https:\/\/www.grupoapellaniz.com\/fr\/wp-json\/wp\/v2\/types\/page"}],"author":[{"embeddable":true,"href":"https:\/\/www.grupoapellaniz.com\/fr\/wp-json\/wp\/v2\/users\/1"}],"replies":[{"embeddable":true,"href":"https:\/\/www.grupoapellaniz.com\/fr\/wp-json\/wp\/v2\/comments?post=3"}],"version-history":[{"count":1,"href":"https:\/\/www.grupoapellaniz.com\/fr\/wp-json\/wp\/v2\/pages\/3\/revisions"}],"predecessor-version":[{"id":2324,"href":"https:\/\/www.grupoapellaniz.com\/fr\/wp-json\/wp\/v2\/pages\/3\/revisions\/2324"}],"wp:attachment":[{"href":"https:\/\/www.grupoapellaniz.com\/fr\/wp-json\/wp\/v2\/media?parent=3"}],"curies":[{"name":"wp","href":"https:\/\/api.w.org\/{rel}","templated":true}]}}