{"id":196,"date":"2020-05-14T22:10:04","date_gmt":"2020-05-14T22:10:04","guid":{"rendered":"https:\/\/www.grupoapellaniz.com\/?page_id=196"},"modified":"2024-01-26T13:55:24","modified_gmt":"2024-01-26T12:55:24","slug":"aviso-legal","status":"publish","type":"page","link":"https:\/\/www.grupoapellaniz.com\/fr\/aviso-legal\/","title":{"rendered":"Avis juridique"},"content":{"rendered":"<p>Vous \u00eates dans un espace qui s'engage \u00e0 respecter les droits de ses utilisateurs et, pour cette raison, vous b\u00e9n\u00e9ficierez d'une transparence et d'une rigueur maximales sur tout ce que vous devez savoir sur ce site web.<\/p>\n\n\n\n<p>Ce site web est strictement conforme \u00e0 la loi organique 3\/2018, du 5 d\u00e9cembre, sur la protection des donn\u00e9es \u00e0 caract\u00e8re personnel et la garantie des droits num\u00e9riques (LOPDGDD). Il est \u00e9galement conforme au r\u00e8glement (UE) 2016\/679 du Parlement europ\u00e9en et du Conseil du 27 avril 2016 relatif \u00e0 la protection des personnes physiques (RGPD), ainsi qu'\u00e0 la loi 34\/2002, du 11 juillet, sur les services de la soci\u00e9t\u00e9 de l'information et le commerce \u00e9lectronique (LSSICE ou LSSI).<\/p>\n\n\n\n<p>Les services et\/ou produits ne sont accessibles qu'aux personnes morales et aux personnes \u00e2g\u00e9es de plus de 16 ans.<\/p>\n\n\n\n<h2 class=\"wp-block-heading\"><strong>Identifiants des responsables du site web<\/strong><\/h2>\n\n\n\n<div class=\"wp-block-columns is-layout-flex wp-container-core-columns-is-layout-28f84493 wp-block-columns-is-layout-flex\">\n<div class=\"wp-block-column is-layout-flow wp-block-column-is-layout-flow\">\n<div class=\"wp-block-columns is-layout-flex wp-container-core-columns-is-layout-28f84493 wp-block-columns-is-layout-flex\">\n<div class=\"wp-block-column is-layout-flow wp-block-column-is-layout-flow\">\n<ul class=\"wp-block-list\">\n<li><strong>Nom de l'entreprise<\/strong>: BUPRE S.L.<\/li>\n\n\n\n<li><strong>TVA NO\/NIF<\/strong>: B09293770<\/li>\n\n\n\n<li><strong>Adresse \u00e9lectronique<\/strong>: prefabricados@esg.com<\/li>\n\n\n\n<li><strong>Si\u00e8ge social<\/strong>C\/ Valle del Mena 8 09001 Burgos<\/li>\n\n\n\n<li><strong>Ses activit\u00e9s sont les suivantes :<\/strong> Fabrication de produits en b\u00e9ton pr\u00e9fabriqu\u00e9<\/li>\n\n\n\n<li><strong>Registre du commerce n\u00b0 :<\/strong> Inscrit le 19\/02\/2002 au registre du commerce de Burgos. Volume 333, livre 124, page 162, section 8, entr\u00e9e 5, feuille d'enregistrement BU 4363.<\/li>\n<\/ul>\n<\/div>\n\n\n\n<div class=\"wp-block-column is-layout-flow wp-block-column-is-layout-flow\">\n<ul class=\"wp-block-list\">\n<li><strong>Nom de l'entreprise<\/strong>ESG S.L.<\/li>\n\n\n\n<li><strong>TVA NO\/NIF<\/strong>: B09294240<\/li>\n\n\n\n<li><strong>Adresse \u00e9lectronique<\/strong>: herrajes@esg.com<\/li>\n\n\n\n<li><strong>Si\u00e8ge social<\/strong>C\/ Valle del Mena 8 09001 Burgos<\/li>\n\n\n\n<li><strong>Ses activit\u00e9s sont les suivantes :<\/strong> Fabrication d'accessoires m\u00e9talliques et galvanisation \u00e0 chaud<\/li>\n\n\n\n<li><strong>Registre du commerce n\u00b0 :<\/strong> Inscrit le 19\/02\/2002 au registre du commerce de Burgos. Volume 333, livre 124, page 162, section 8, entr\u00e9e 5, feuille d'enregistrement BU 4363.<\/li>\n<\/ul>\n<\/div>\n<\/div>\n<\/div>\n<\/div>\n\n\n\n<h2 class=\"wp-block-heading\"><strong>Vous souciez-vous de vos donn\u00e9es personnelles ?<\/strong><\/h2>\n\n\n\n<p>Lire notre <a href=\"https:\/\/www.grupoapellaniz.com\/fr\/politica-de-privacidad\/\">Politique de confidentialit\u00e9<\/a>.<\/p>\n\n\n\n<h2 class=\"wp-block-heading\"><strong>Engagements et obligations des utilisateurs<\/strong><\/h2>\n\n\n\n<p>L'utilisateur est inform\u00e9 et accepte que l'acc\u00e8s \u00e0 ce site web n'implique en aucun cas le d\u00e9but d'une relation commerciale avec BUPRE et ESG. Ainsi, l'utilisateur s'engage \u00e0 utiliser le site web, ses services et ses contenus sans contrevenir \u00e0 la l\u00e9gislation en vigueur, \u00e0 la bonne foi et \u00e0 l'ordre public.<\/p>\n\n\n\n<p>Il est interdit d'utiliser le site web \u00e0 des fins illicites ou pr\u00e9judiciables, ou de toute autre mani\u00e8re susceptible de causer des dommages ou d'entraver le fonctionnement normal du site web. En ce qui concerne le contenu de ce site web, il est interdit :<\/p>\n\n\n\n<ul class=\"wp-block-list\">\n<li>Reproduction, distribution ou modification, en tout ou en partie, sauf autorisation de ma part en tant que propri\u00e9taire l\u00e9gitime.<\/li>\n\n\n\n<li>Toute violation des droits du fournisseur ou de moi-m\u00eame en tant que propri\u00e9taire l\u00e9gitime.<\/li>\n\n\n\n<li>Leur utilisation \u00e0 des fins commerciales ou publicitaires.<\/li>\n<\/ul>\n\n\n\n<p>En utilisant le site web grupoapellaniz.com, l'utilisateur s'engage \u00e0 ne pas adopter de comportement susceptible de porter atteinte \u00e0 l'image, aux int\u00e9r\u00eats et aux droits de BUPRE et ESG ou de tiers, d'endommager, de rendre inutilisable ou de surcharger le portail grupoapellaniz.com ou d'emp\u00eacher, de quelque mani\u00e8re que ce soit, l'utilisation normale du site web.<\/p>\n\n\n\n<p>N\u00e9anmoins, l'utilisateur doit \u00eatre conscient que les mesures de s\u00e9curit\u00e9 des syst\u00e8mes informatiques sur Internet ne sont pas enti\u00e8rement fiables et que, par cons\u00e9quent, grupoapellaniz.com ne peut pas garantir l'inexistence de logiciels malveillants ou d'autres \u00e9l\u00e9ments susceptibles de provoquer des alt\u00e9rations dans les syst\u00e8mes informatiques de l'utilisateur (logiciel et mat\u00e9riel) ou dans ses documents \u00e9lectroniques et les fichiers qu'ils contiennent, bien que tous les moyens n\u00e9cessaires et les mesures de s\u00e9curit\u00e9 appropri\u00e9es aient \u00e9t\u00e9 pris pour \u00e9viter la pr\u00e9sence de ces \u00e9l\u00e9ments nocifs.<\/p>\n\n\n\n<h2 class=\"wp-block-heading\"><strong>Mesures de s\u00e9curit\u00e9<\/strong><\/h2>\n\n\n\n<p>Les donn\u00e9es personnelles communiqu\u00e9es par l'utilisateur \u00e0 ESG et BUPRE peuvent \u00eatre stock\u00e9es dans des bases de donn\u00e9es automatis\u00e9es ou non, dont la propri\u00e9t\u00e9 revient exclusivement \u00e0 BUPRE S.L. et ESG S.L., cette derni\u00e8re assumant toutes les mesures techniques, organisationnelles et de s\u00e9curit\u00e9 qui garantissent la confidentialit\u00e9, l'int\u00e9grit\u00e9 et la qualit\u00e9 des informations contenues dans ces bases, conform\u00e9ment aux dispositions de la l\u00e9gislation en vigueur en mati\u00e8re de protection des donn\u00e9es.<\/p>\n\n\n\n<p>La communication entre les utilisateurs et grupoapellaniz.com utilise un canal s\u00e9curis\u00e9, et les donn\u00e9es transmises sont crypt\u00e9es gr\u00e2ce aux protocoles https, je garantis donc les meilleures conditions de s\u00e9curit\u00e9 pour que la confidentialit\u00e9 des utilisateurs soit garantie.<\/p>\n\n\n\n<h2 class=\"wp-block-heading\"><strong>Plate-forme de r\u00e9solution des conflits<\/strong><\/h2>\n\n\n\n<p>Je mets \u00e9galement \u00e0 la disposition des utilisateurs la plateforme de r\u00e9solution des litiges fournie par la Commission europ\u00e9enne, qui est disponible sur le lien suivant :&nbsp; <a href=\"http:\/\/\/fr\/ec.europa.eu\/consumers\/odr\/\"><em>http:\/\/ec.europa.eu\/consumers\/odr\/<\/em><\/a><\/p>\n\n\n\n<h2 class=\"wp-block-heading\"><strong>Exclusion de garantie et de responsabilit\u00e9<\/strong><\/h2>\n\n\n\n<p>ESG Y BUPRE n'accorde aucune garantie et n'est en aucun cas responsable des dommages de toute nature pouvant \u00eatre caus\u00e9s par :<\/p>\n\n\n\n<ul class=\"wp-block-list\">\n<li>Le manque de disponibilit\u00e9, de maintenance et de fonctionnement efficace du site web, de ses services et de son contenu.<\/li>\n\n\n\n<li>L'existence de logiciels malveillants, de programmes malveillants ou nuisibles dans le contenu.<\/li>\n\n\n\n<li>Utilisation ill\u00e9gale, n\u00e9gligente, frauduleuse ou contraire aux pr\u00e9sentes mentions l\u00e9gales.<\/li>\n\n\n\n<li>le manque de l\u00e9galit\u00e9, de qualit\u00e9, de fiabilit\u00e9, d'utilit\u00e9 et de disponibilit\u00e9 des services fournis par des tiers et mis \u00e0 la disposition des utilisateurs sur le site web.<\/li>\n\n\n\n<li>Le fournisseur n'accepte aucune responsabilit\u00e9 pour tout dommage r\u00e9sultant d'une utilisation ill\u00e9gale ou inappropri\u00e9e de ce site web.<\/li>\n<\/ul>\n\n\n\n<h2 class=\"wp-block-heading\"><strong>Droit applicable et juridiction<\/strong><\/h2>\n\n\n\n<p>En g\u00e9n\u00e9ral, les relations entre ESG et BUPRE et les utilisateurs de ses services t\u00e9l\u00e9matiques sur ce site web sont soumises \u00e0 la l\u00e9gislation et \u00e0 la juridiction espagnoles et aux tribunaux de Burgos.<\/p>\n\n\n\n<p>&nbsp;Si un utilisateur a des questions sur ces conditions l\u00e9gales ou des commentaires sur le portail grupoapellaniz.com, il peut s'adresser \u00e0 info@grupoapellaniz.com.<\/p>\n\n\n\n<p>\u00a0L'avis juridique a \u00e9t\u00e9 mis \u00e0 jour pour la derni\u00e8re fois le 26\/01\/2024.<\/p>","protected":false},"excerpt":{"rendered":"<p>Est\u00e1s en un espacio comprometido con los derechos de sus usuarios y por esa raz\u00f3n, tendr\u00e1s m\u00e1xima transparencia y rigor sobre todo que necesitas saber sobre esta web. Esta web cumple rigurosamente con la Ley Org\u00e1nica 3\/2018, de 5 de diciembre, de Protecci\u00f3n de Datos Personales y garant\u00eda de los derechos digitales (LOPDGDD). Cumple tambi\u00e9n [&hellip;]<\/p>\n","protected":false},"author":1,"featured_media":0,"parent":0,"menu_order":0,"comment_status":"closed","ping_status":"closed","template":"","meta":{"_acf_changed":false,"footnotes":""},"class_list":["post-196","page","type-page","status-publish","hentry"],"acf":[],"yoast_head":"<!-- This site is optimized with the Yoast SEO plugin v27.4 - https:\/\/yoast.com\/product\/yoast-seo-wordpress\/ -->\n<title>Aviso legal - Grupo Apell\u00e1niz<\/title>\n<meta name=\"robots\" content=\"index, follow, max-snippet:-1, max-image-preview:large, max-video-preview:-1\" \/>\n<link rel=\"canonical\" href=\"https:\/\/www.grupoapellaniz.com\/fr\/aviso-legal\/\" \/>\n<meta property=\"og:locale\" content=\"fr_FR\" \/>\n<meta property=\"og:type\" content=\"article\" \/>\n<meta property=\"og:title\" content=\"Aviso legal - Grupo Apell\u00e1niz\" \/>\n<meta property=\"og:description\" content=\"Est\u00e1s en un espacio comprometido con los derechos de sus usuarios y por esa raz\u00f3n, tendr\u00e1s m\u00e1xima transparencia y rigor sobre todo que necesitas saber sobre esta web. Esta web cumple rigurosamente con la Ley Org\u00e1nica 3\/2018, de 5 de diciembre, de Protecci\u00f3n de Datos Personales y garant\u00eda de los derechos digitales (LOPDGDD). Cumple tambi\u00e9n [&hellip;]\" \/>\n<meta property=\"og:url\" content=\"https:\/\/www.grupoapellaniz.com\/fr\/aviso-legal\/\" \/>\n<meta property=\"og:site_name\" content=\"Grupo Apell\u00e1niz\" \/>\n<meta property=\"article:modified_time\" content=\"2024-01-26T12:55:24+00:00\" \/>\n<meta name=\"twitter:card\" content=\"summary_large_image\" \/>\n<meta name=\"twitter:label1\" content=\"Dur\u00e9e de lecture estim\u00e9e\" \/>\n\t<meta name=\"twitter:data1\" content=\"5 minutes\" \/>\n<script type=\"application\/ld+json\" class=\"yoast-schema-graph\">{\"@context\":\"https:\\\/\\\/schema.org\",\"@graph\":[{\"@type\":\"WebPage\",\"@id\":\"https:\\\/\\\/www.grupoapellaniz.com\\\/aviso-legal\\\/\",\"url\":\"https:\\\/\\\/www.grupoapellaniz.com\\\/aviso-legal\\\/\",\"name\":\"Aviso legal - Grupo Apell\u00e1niz\",\"isPartOf\":{\"@id\":\"https:\\\/\\\/www.grupoapellaniz.com\\\/#website\"},\"datePublished\":\"2020-05-14T22:10:04+00:00\",\"dateModified\":\"2024-01-26T12:55:24+00:00\",\"breadcrumb\":{\"@id\":\"https:\\\/\\\/www.grupoapellaniz.com\\\/aviso-legal\\\/#breadcrumb\"},\"inLanguage\":\"fr-FR\",\"potentialAction\":[{\"@type\":\"ReadAction\",\"target\":[\"https:\\\/\\\/www.grupoapellaniz.com\\\/aviso-legal\\\/\"]}]},{\"@type\":\"BreadcrumbList\",\"@id\":\"https:\\\/\\\/www.grupoapellaniz.com\\\/aviso-legal\\\/#breadcrumb\",\"itemListElement\":[{\"@type\":\"ListItem\",\"position\":1,\"name\":\"Portada\",\"item\":\"https:\\\/\\\/www.grupoapellaniz.com\\\/\"},{\"@type\":\"ListItem\",\"position\":2,\"name\":\"Aviso legal\"}]},{\"@type\":\"WebSite\",\"@id\":\"https:\\\/\\\/www.grupoapellaniz.com\\\/#website\",\"url\":\"https:\\\/\\\/www.grupoapellaniz.com\\\/\",\"name\":\"Grupo Apell\u00e1niz\",\"description\":\"Elementos de sujeci\u00f3n galvanizados y prefabricados de hormig\u00f3n\",\"publisher\":{\"@id\":\"https:\\\/\\\/www.grupoapellaniz.com\\\/#organization\"},\"potentialAction\":[{\"@type\":\"SearchAction\",\"target\":{\"@type\":\"EntryPoint\",\"urlTemplate\":\"https:\\\/\\\/www.grupoapellaniz.com\\\/?s={search_term_string}\"},\"query-input\":{\"@type\":\"PropertyValueSpecification\",\"valueRequired\":true,\"valueName\":\"search_term_string\"}}],\"inLanguage\":\"fr-FR\"},{\"@type\":\"Organization\",\"@id\":\"https:\\\/\\\/www.grupoapellaniz.com\\\/#organization\",\"name\":\"Grupo Apell\u00e1niz\",\"url\":\"https:\\\/\\\/www.grupoapellaniz.com\\\/\",\"logo\":{\"@type\":\"ImageObject\",\"inLanguage\":\"fr-FR\",\"@id\":\"https:\\\/\\\/www.grupoapellaniz.com\\\/#\\\/schema\\\/logo\\\/image\\\/\",\"url\":\"https:\\\/\\\/www.grupoapellaniz.com\\\/wp-content\\\/uploads\\\/2020\\\/10\\\/logo-apellaniz.png\",\"contentUrl\":\"https:\\\/\\\/www.grupoapellaniz.com\\\/wp-content\\\/uploads\\\/2020\\\/10\\\/logo-apellaniz.png\",\"width\":300,\"height\":66,\"caption\":\"Grupo Apell\u00e1niz\"},\"image\":{\"@id\":\"https:\\\/\\\/www.grupoapellaniz.com\\\/#\\\/schema\\\/logo\\\/image\\\/\"}}]}<\/script>\n<!-- \/ Yoast SEO plugin. -->","yoast_head_json":{"title":"Aviso legal - Grupo Apell\u00e1niz","robots":{"index":"index","follow":"follow","max-snippet":"max-snippet:-1","max-image-preview":"max-image-preview:large","max-video-preview":"max-video-preview:-1"},"canonical":"https:\/\/www.grupoapellaniz.com\/fr\/aviso-legal\/","og_locale":"fr_FR","og_type":"article","og_title":"Aviso legal - Grupo Apell\u00e1niz","og_description":"Est\u00e1s en un espacio comprometido con los derechos de sus usuarios y por esa raz\u00f3n, tendr\u00e1s m\u00e1xima transparencia y rigor sobre todo que necesitas saber sobre esta web. Esta web cumple rigurosamente con la Ley Org\u00e1nica 3\/2018, de 5 de diciembre, de Protecci\u00f3n de Datos Personales y garant\u00eda de los derechos digitales (LOPDGDD). Cumple tambi\u00e9n [&hellip;]","og_url":"https:\/\/www.grupoapellaniz.com\/fr\/aviso-legal\/","og_site_name":"Grupo Apell\u00e1niz","article_modified_time":"2024-01-26T12:55:24+00:00","twitter_card":"summary_large_image","twitter_misc":{"Dur\u00e9e de lecture estim\u00e9e":"5 minutes"},"schema":{"@context":"https:\/\/schema.org","@graph":[{"@type":"WebPage","@id":"https:\/\/www.grupoapellaniz.com\/aviso-legal\/","url":"https:\/\/www.grupoapellaniz.com\/aviso-legal\/","name":"Aviso legal - Grupo Apell\u00e1niz","isPartOf":{"@id":"https:\/\/www.grupoapellaniz.com\/#website"},"datePublished":"2020-05-14T22:10:04+00:00","dateModified":"2024-01-26T12:55:24+00:00","breadcrumb":{"@id":"https:\/\/www.grupoapellaniz.com\/aviso-legal\/#breadcrumb"},"inLanguage":"fr-FR","potentialAction":[{"@type":"ReadAction","target":["https:\/\/www.grupoapellaniz.com\/aviso-legal\/"]}]},{"@type":"BreadcrumbList","@id":"https:\/\/www.grupoapellaniz.com\/aviso-legal\/#breadcrumb","itemListElement":[{"@type":"ListItem","position":1,"name":"Portada","item":"https:\/\/www.grupoapellaniz.com\/"},{"@type":"ListItem","position":2,"name":"Aviso legal"}]},{"@type":"WebSite","@id":"https:\/\/www.grupoapellaniz.com\/#website","url":"https:\/\/www.grupoapellaniz.com\/","name":"Groupe Apell\u00e1niz","description":"Elementos de sujeci\u00f3n galvanizados y prefabricados de hormig\u00f3n","publisher":{"@id":"https:\/\/www.grupoapellaniz.com\/#organization"},"potentialAction":[{"@type":"SearchAction","target":{"@type":"EntryPoint","urlTemplate":"https:\/\/www.grupoapellaniz.com\/?s={search_term_string}"},"query-input":{"@type":"PropertyValueSpecification","valueRequired":true,"valueName":"search_term_string"}}],"inLanguage":"fr-FR"},{"@type":"Organization","@id":"https:\/\/www.grupoapellaniz.com\/#organization","name":"Groupe Apell\u00e1niz","url":"https:\/\/www.grupoapellaniz.com\/","logo":{"@type":"ImageObject","inLanguage":"fr-FR","@id":"https:\/\/www.grupoapellaniz.com\/#\/schema\/logo\/image\/","url":"https:\/\/www.grupoapellaniz.com\/wp-content\/uploads\/2020\/10\/logo-apellaniz.png","contentUrl":"https:\/\/www.grupoapellaniz.com\/wp-content\/uploads\/2020\/10\/logo-apellaniz.png","width":300,"height":66,"caption":"Grupo Apell\u00e1niz"},"image":{"@id":"https:\/\/www.grupoapellaniz.com\/#\/schema\/logo\/image\/"}}]}},"_links":{"self":[{"href":"https:\/\/www.grupoapellaniz.com\/fr\/wp-json\/wp\/v2\/pages\/196","targetHints":{"allow":["GET"]}}],"collection":[{"href":"https:\/\/www.grupoapellaniz.com\/fr\/wp-json\/wp\/v2\/pages"}],"about":[{"href":"https:\/\/www.grupoapellaniz.com\/fr\/wp-json\/wp\/v2\/types\/page"}],"author":[{"embeddable":true,"href":"https:\/\/www.grupoapellaniz.com\/fr\/wp-json\/wp\/v2\/users\/1"}],"replies":[{"embeddable":true,"href":"https:\/\/www.grupoapellaniz.com\/fr\/wp-json\/wp\/v2\/comments?post=196"}],"version-history":[{"count":4,"href":"https:\/\/www.grupoapellaniz.com\/fr\/wp-json\/wp\/v2\/pages\/196\/revisions"}],"predecessor-version":[{"id":2585,"href":"https:\/\/www.grupoapellaniz.com\/fr\/wp-json\/wp\/v2\/pages\/196\/revisions\/2585"}],"wp:attachment":[{"href":"https:\/\/www.grupoapellaniz.com\/fr\/wp-json\/wp\/v2\/media?parent=196"}],"curies":[{"name":"wp","href":"https:\/\/api.w.org\/{rel}","templated":true}]}}