{"id":975,"date":"2020-10-16T19:26:03","date_gmt":"2020-10-16T17:26:03","guid":{"rendered":"https:\/\/www.grupoapellaniz.com\/?post_type=contenido&#038;p=975"},"modified":"2026-04-09T16:10:29","modified_gmt":"2026-04-09T14:10:29","slug":"tapas-embaldosables","status":"publish","type":"contenido","link":"https:\/\/www.grupoapellaniz.com\/fr\/catalogo\/esg\/tapas\/tapas-embaldosables\/","title":{"rendered":"Couvertures \u00e0 carreler"},"content":{"rendered":"<p>Au <a href=\"https:\/\/www.grupoapellaniz.com\/fr\/catalogo\/esg\/\">Elementos de Sujeci\u00f3n Galvanizados<\/a> nous proposons des couvertures carrelables con\u00e7ues pour fournir une solution s\u00fbre et esth\u00e9tique pour couvrir les trous d'homme, les regards et autres \u00e9l\u00e9ments souterrains. Nos couvertures carrelables s'int\u00e8grent parfaitement au rev\u00eatement environnant, offrant une apparence homog\u00e8ne et discr\u00e8te sans sacrifier la fonctionnalit\u00e9 et la s\u00e9curit\u00e9.<\/p>\n\n\n\n<p class=\"has-medium-font-size\"><strong>Caract\u00e9ristiques<\/strong> <strong>de couvercles \u00e0 carreler<\/strong><\/p>\n\n\n\n<ul class=\"wp-block-list\">\n<li>COUVERCLE ET CADRE : Mat\u00e9riau S275JR \/ UNE EN 10025 galvanis\u00e9 \u00e0 chaud UNE-EN ISO 1461<\/li>\n\n\n\n<li>COUVERTURE : conforme \u00e0 la norme UNE EN-124<\/li>\n<\/ul>\n\n\n\n<p class=\"has-medium-font-size\"><strong>Description<\/strong><\/p>\n\n\n\n<ul class=\"wp-block-list\">\n<li>VERSIONS :\n<ul class=\"wp-block-list\">\n<li><strong>E4&nbsp;&nbsp; 4&nbsp;m\u00f3dulos<\/strong>&nbsp;(diff\u00e9rentes tailles)<\/li>\n\n\n\n<li><strong>E3&nbsp;&nbsp; 3 m\u00f3dulos<\/strong>&nbsp;(diff\u00e9rentes tailles)&nbsp;<\/li>\n\n\n\n<li><strong>E2&nbsp;&nbsp; 2 m\u00f3dulos<\/strong>&nbsp;(diff\u00e9rentes tailles)<\/li>\n\n\n\n<li><strong>E1&nbsp;&nbsp; 1 m\u00f3dulo<\/strong>&nbsp;(diff\u00e9rentes tailles)<\/li>\n<\/ul>\n<\/li>\n\n\n\n<li>Couvercles pr\u00e9par\u00e9s pour le carrelage. Dans la base inf\u00e9rieure de ces couvercles, une plaque est soud\u00e9e aux coins qui constituent le couvercle.<\/li>\n\n\n\n<li>Cadre et couvercle galvanis\u00e9s \u00e0 chaud (y compris la t\u00f4le)<\/li>\n\n\n\n<li>Les couvercles sont \u00e9quip\u00e9s d'un syst\u00e8me anti-blocage qui facilite leur ouverture. Les c\u00f4t\u00e9s du couvercle sont \u00e0 100\u00ba.<\/li>\n\n\n\n<li>Cadres \u00e9quip\u00e9s de griffes pour la fixation au b\u00e9ton<\/li>\n<\/ul>\n\n\n\n<p class=\"has-medium-font-size\"><strong>Assurance qualit\u00e9<\/strong><\/p>\n\n\n\n<ul class=\"wp-block-list\">\n<li>Marca de&nbsp;reconocida empresa a nivel europeo conforme a la norma UNE-EN 124-95<\/li>\n<\/ul>\n\n\n\n<p class=\"has-medium-font-size\"><strong>Zones d'installation<\/strong><\/p>\n\n\n\n<ul class=\"wp-block-list\">\n<li>En particulier dans les zones pi\u00e9tonnes, les chauss\u00e9es, les trottoirs, les parkings, etc. situ\u00e9s dans les zones r\u00e9sidentielles, les zones industrielles, etc. situ\u00e9s dans les zones r\u00e9sidentielles.<\/li>\n<\/ul>\n\n\n\n<p class=\"has-medium-font-size\"><strong>Options<\/strong><\/p>\n\n\n\n<ul class=\"wp-block-list\">\n<li>Possibilit\u00e9 de fabrication dans n'importe quelle taille de couverture<\/li>\n\n\n\n<li>types d'ouvertures\n<ul class=\"wp-block-list\">\n<li>Trous dans la t\u00f4le pour les poign\u00e9es<\/li>\n\n\n\n<li>Coin de levage renforc\u00e9<\/li>\n<\/ul>\n<\/li>\n\n\n\n<li>Syst\u00e8me de verrouillage anti-vandalisme du cadre du couvercle<\/li>\n\n\n\n<li>Possibilit\u00e9 d'acheter des produits s\u00e9par\u00e9ment<\/li>\n\n\n\n<li>Remplacement des accessoires en m\u00e9tal galvanis\u00e9 \u00e0 chaud : poign\u00e9es, \u00e9crous de poign\u00e9e, attaches.<\/li>\n<\/ul>","protected":false},"featured_media":2042,"parent":938,"menu_order":54,"template":"","class_list":["post-975","contenido","type-contenido","status-publish","has-post-thumbnail","hentry"],"acf":[],"yoast_head":"<!-- This site is optimized with the Yoast SEO plugin v27.4 - https:\/\/yoast.com\/product\/yoast-seo-wordpress\/ -->\n<title>Tapas embaldosables | Elementos de Sujeci\u00f3n Galvanizados<\/title>\n<meta name=\"description\" content=\"Fabricamos tapas embaldosables: una soluci\u00f3n segura y est\u00e9tica para cubrir registros, arquetas y otros elementos subterr\u00e1neos. \u00a1Consultenos!\" \/>\n<meta name=\"robots\" content=\"index, follow, max-snippet:-1, max-image-preview:large, max-video-preview:-1\" \/>\n<link rel=\"canonical\" href=\"https:\/\/www.grupoapellaniz.com\/fr\/catalogo\/esg\/tapas\/tapas-embaldosables\/\" \/>\n<meta property=\"og:locale\" content=\"fr_FR\" \/>\n<meta property=\"og:type\" content=\"article\" \/>\n<meta property=\"og:title\" content=\"Tapas embaldosables | Elementos de Sujeci\u00f3n Galvanizados\" \/>\n<meta property=\"og:description\" content=\"Fabricamos tapas embaldosables: una soluci\u00f3n segura y est\u00e9tica para cubrir registros, arquetas y otros elementos subterr\u00e1neos. \u00a1Consultenos!\" \/>\n<meta property=\"og:url\" content=\"https:\/\/www.grupoapellaniz.com\/fr\/catalogo\/esg\/tapas\/tapas-embaldosables\/\" \/>\n<meta property=\"og:site_name\" content=\"Grupo Apell\u00e1niz\" \/>\n<meta property=\"article:modified_time\" content=\"2026-04-09T14:10:29+00:00\" \/>\n<meta property=\"og:image\" content=\"https:\/\/www.grupoapellaniz.com\/wp-content\/uploads\/2020\/10\/tapas-embaldosables-pq.jpg\" \/>\n\t<meta property=\"og:image:width\" content=\"1200\" \/>\n\t<meta property=\"og:image:height\" content=\"1200\" \/>\n\t<meta property=\"og:image:type\" content=\"image\/jpeg\" \/>\n<meta name=\"twitter:card\" content=\"summary_large_image\" \/>\n<meta name=\"twitter:label1\" content=\"Dur\u00e9e de lecture estim\u00e9e\" \/>\n\t<meta name=\"twitter:data1\" content=\"2 minutes\" \/>\n<script type=\"application\/ld+json\" class=\"yoast-schema-graph\">{\"@context\":\"https:\\\/\\\/schema.org\",\"@graph\":[{\"@type\":\"WebPage\",\"@id\":\"https:\\\/\\\/www.grupoapellaniz.com\\\/catalogo\\\/esg\\\/tapas\\\/tapas-embaldosables\\\/\",\"url\":\"https:\\\/\\\/www.grupoapellaniz.com\\\/catalogo\\\/esg\\\/tapas\\\/tapas-embaldosables\\\/\",\"name\":\"Tapas embaldosables | Elementos de Sujeci\u00f3n Galvanizados\",\"isPartOf\":{\"@id\":\"https:\\\/\\\/www.grupoapellaniz.com\\\/#website\"},\"primaryImageOfPage\":{\"@id\":\"https:\\\/\\\/www.grupoapellaniz.com\\\/catalogo\\\/esg\\\/tapas\\\/tapas-embaldosables\\\/#primaryimage\"},\"image\":{\"@id\":\"https:\\\/\\\/www.grupoapellaniz.com\\\/catalogo\\\/esg\\\/tapas\\\/tapas-embaldosables\\\/#primaryimage\"},\"thumbnailUrl\":\"https:\\\/\\\/www.grupoapellaniz.com\\\/wp-content\\\/uploads\\\/2020\\\/10\\\/tapas-embaldosables-pq.jpg\",\"datePublished\":\"2020-10-16T17:26:03+00:00\",\"dateModified\":\"2026-04-09T14:10:29+00:00\",\"description\":\"Fabricamos tapas embaldosables: una soluci\u00f3n segura y est\u00e9tica para cubrir registros, arquetas y otros elementos subterr\u00e1neos. \u00a1Consultenos!\",\"breadcrumb\":{\"@id\":\"https:\\\/\\\/www.grupoapellaniz.com\\\/catalogo\\\/esg\\\/tapas\\\/tapas-embaldosables\\\/#breadcrumb\"},\"inLanguage\":\"fr-FR\",\"potentialAction\":[{\"@type\":\"ReadAction\",\"target\":[\"https:\\\/\\\/www.grupoapellaniz.com\\\/catalogo\\\/esg\\\/tapas\\\/tapas-embaldosables\\\/\"]}]},{\"@type\":\"ImageObject\",\"inLanguage\":\"fr-FR\",\"@id\":\"https:\\\/\\\/www.grupoapellaniz.com\\\/catalogo\\\/esg\\\/tapas\\\/tapas-embaldosables\\\/#primaryimage\",\"url\":\"https:\\\/\\\/www.grupoapellaniz.com\\\/wp-content\\\/uploads\\\/2020\\\/10\\\/tapas-embaldosables-pq.jpg\",\"contentUrl\":\"https:\\\/\\\/www.grupoapellaniz.com\\\/wp-content\\\/uploads\\\/2020\\\/10\\\/tapas-embaldosables-pq.jpg\",\"width\":1200,\"height\":1200,\"caption\":\"Nuestras Tapas Embaldosables permiten integrar perfectamente el revestimiento del entorno, ofreciendo una apariencia homog\u00e9nea y discreta sin sacrificar la funcionalidad y la seguridad.\"},{\"@type\":\"BreadcrumbList\",\"@id\":\"https:\\\/\\\/www.grupoapellaniz.com\\\/catalogo\\\/esg\\\/tapas\\\/tapas-embaldosables\\\/#breadcrumb\",\"itemListElement\":[{\"@type\":\"ListItem\",\"position\":1,\"name\":\"Portada\",\"item\":\"https:\\\/\\\/www.grupoapellaniz.com\\\/\"},{\"@type\":\"ListItem\",\"position\":2,\"name\":\"ESG\",\"item\":\"https:\\\/\\\/www.grupoapellaniz.com\\\/catalogo\\\/esg\\\/\"},{\"@type\":\"ListItem\",\"position\":3,\"name\":\"Tapas\",\"item\":\"https:\\\/\\\/www.grupoapellaniz.com\\\/catalogo\\\/esg\\\/tapas\\\/\"},{\"@type\":\"ListItem\",\"position\":4,\"name\":\"Tapas Embaldosables\"}]},{\"@type\":\"WebSite\",\"@id\":\"https:\\\/\\\/www.grupoapellaniz.com\\\/#website\",\"url\":\"https:\\\/\\\/www.grupoapellaniz.com\\\/\",\"name\":\"Grupo Apell\u00e1niz\",\"description\":\"Elementos de sujeci\u00f3n galvanizados y prefabricados de hormig\u00f3n\",\"publisher\":{\"@id\":\"https:\\\/\\\/www.grupoapellaniz.com\\\/#organization\"},\"potentialAction\":[{\"@type\":\"SearchAction\",\"target\":{\"@type\":\"EntryPoint\",\"urlTemplate\":\"https:\\\/\\\/www.grupoapellaniz.com\\\/?s={search_term_string}\"},\"query-input\":{\"@type\":\"PropertyValueSpecification\",\"valueRequired\":true,\"valueName\":\"search_term_string\"}}],\"inLanguage\":\"fr-FR\"},{\"@type\":\"Organization\",\"@id\":\"https:\\\/\\\/www.grupoapellaniz.com\\\/#organization\",\"name\":\"Grupo Apell\u00e1niz\",\"url\":\"https:\\\/\\\/www.grupoapellaniz.com\\\/\",\"logo\":{\"@type\":\"ImageObject\",\"inLanguage\":\"fr-FR\",\"@id\":\"https:\\\/\\\/www.grupoapellaniz.com\\\/#\\\/schema\\\/logo\\\/image\\\/\",\"url\":\"https:\\\/\\\/www.grupoapellaniz.com\\\/wp-content\\\/uploads\\\/2020\\\/10\\\/logo-apellaniz.png\",\"contentUrl\":\"https:\\\/\\\/www.grupoapellaniz.com\\\/wp-content\\\/uploads\\\/2020\\\/10\\\/logo-apellaniz.png\",\"width\":300,\"height\":66,\"caption\":\"Grupo Apell\u00e1niz\"},\"image\":{\"@id\":\"https:\\\/\\\/www.grupoapellaniz.com\\\/#\\\/schema\\\/logo\\\/image\\\/\"}}]}<\/script>\n<!-- \/ Yoast SEO plugin. -->","yoast_head_json":{"title":"Tapas embaldosables | Elementos de Sujeci\u00f3n Galvanizados","description":"Fabricamos tapas embaldosables: una soluci\u00f3n segura y est\u00e9tica para cubrir registros, arquetas y otros elementos subterr\u00e1neos. \u00a1Consultenos!","robots":{"index":"index","follow":"follow","max-snippet":"max-snippet:-1","max-image-preview":"max-image-preview:large","max-video-preview":"max-video-preview:-1"},"canonical":"https:\/\/www.grupoapellaniz.com\/fr\/catalogo\/esg\/tapas\/tapas-embaldosables\/","og_locale":"fr_FR","og_type":"article","og_title":"Tapas embaldosables | Elementos de Sujeci\u00f3n Galvanizados","og_description":"Fabricamos tapas embaldosables: una soluci\u00f3n segura y est\u00e9tica para cubrir registros, arquetas y otros elementos subterr\u00e1neos. \u00a1Consultenos!","og_url":"https:\/\/www.grupoapellaniz.com\/fr\/catalogo\/esg\/tapas\/tapas-embaldosables\/","og_site_name":"Grupo Apell\u00e1niz","article_modified_time":"2026-04-09T14:10:29+00:00","og_image":[{"width":1200,"height":1200,"url":"https:\/\/www.grupoapellaniz.com\/wp-content\/uploads\/2020\/10\/tapas-embaldosables-pq.jpg","type":"image\/jpeg"}],"twitter_card":"summary_large_image","twitter_misc":{"Dur\u00e9e de lecture estim\u00e9e":"2 minutes"},"schema":{"@context":"https:\/\/schema.org","@graph":[{"@type":"WebPage","@id":"https:\/\/www.grupoapellaniz.com\/catalogo\/esg\/tapas\/tapas-embaldosables\/","url":"https:\/\/www.grupoapellaniz.com\/catalogo\/esg\/tapas\/tapas-embaldosables\/","name":"Tapas embaldosables | Elementos de Sujeci\u00f3n Galvanizados","isPartOf":{"@id":"https:\/\/www.grupoapellaniz.com\/#website"},"primaryImageOfPage":{"@id":"https:\/\/www.grupoapellaniz.com\/catalogo\/esg\/tapas\/tapas-embaldosables\/#primaryimage"},"image":{"@id":"https:\/\/www.grupoapellaniz.com\/catalogo\/esg\/tapas\/tapas-embaldosables\/#primaryimage"},"thumbnailUrl":"https:\/\/www.grupoapellaniz.com\/wp-content\/uploads\/2020\/10\/tapas-embaldosables-pq.jpg","datePublished":"2020-10-16T17:26:03+00:00","dateModified":"2026-04-09T14:10:29+00:00","description":"Fabricamos tapas embaldosables: una soluci\u00f3n segura y est\u00e9tica para cubrir registros, arquetas y otros elementos subterr\u00e1neos. \u00a1Consultenos!","breadcrumb":{"@id":"https:\/\/www.grupoapellaniz.com\/catalogo\/esg\/tapas\/tapas-embaldosables\/#breadcrumb"},"inLanguage":"fr-FR","potentialAction":[{"@type":"ReadAction","target":["https:\/\/www.grupoapellaniz.com\/catalogo\/esg\/tapas\/tapas-embaldosables\/"]}]},{"@type":"ImageObject","inLanguage":"fr-FR","@id":"https:\/\/www.grupoapellaniz.com\/catalogo\/esg\/tapas\/tapas-embaldosables\/#primaryimage","url":"https:\/\/www.grupoapellaniz.com\/wp-content\/uploads\/2020\/10\/tapas-embaldosables-pq.jpg","contentUrl":"https:\/\/www.grupoapellaniz.com\/wp-content\/uploads\/2020\/10\/tapas-embaldosables-pq.jpg","width":1200,"height":1200,"caption":"Nuestras Tapas Embaldosables permiten integrar perfectamente el revestimiento del entorno, ofreciendo una apariencia homog\u00e9nea y discreta sin sacrificar la funcionalidad y la seguridad."},{"@type":"BreadcrumbList","@id":"https:\/\/www.grupoapellaniz.com\/catalogo\/esg\/tapas\/tapas-embaldosables\/#breadcrumb","itemListElement":[{"@type":"ListItem","position":1,"name":"Portada","item":"https:\/\/www.grupoapellaniz.com\/"},{"@type":"ListItem","position":2,"name":"ESG","item":"https:\/\/www.grupoapellaniz.com\/catalogo\/esg\/"},{"@type":"ListItem","position":3,"name":"Tapas","item":"https:\/\/www.grupoapellaniz.com\/catalogo\/esg\/tapas\/"},{"@type":"ListItem","position":4,"name":"Tapas Embaldosables"}]},{"@type":"WebSite","@id":"https:\/\/www.grupoapellaniz.com\/#website","url":"https:\/\/www.grupoapellaniz.com\/","name":"Groupe Apell\u00e1niz","description":"Elementos de sujeci\u00f3n galvanizados y prefabricados de hormig\u00f3n","publisher":{"@id":"https:\/\/www.grupoapellaniz.com\/#organization"},"potentialAction":[{"@type":"SearchAction","target":{"@type":"EntryPoint","urlTemplate":"https:\/\/www.grupoapellaniz.com\/?s={search_term_string}"},"query-input":{"@type":"PropertyValueSpecification","valueRequired":true,"valueName":"search_term_string"}}],"inLanguage":"fr-FR"},{"@type":"Organization","@id":"https:\/\/www.grupoapellaniz.com\/#organization","name":"Groupe Apell\u00e1niz","url":"https:\/\/www.grupoapellaniz.com\/","logo":{"@type":"ImageObject","inLanguage":"fr-FR","@id":"https:\/\/www.grupoapellaniz.com\/#\/schema\/logo\/image\/","url":"https:\/\/www.grupoapellaniz.com\/wp-content\/uploads\/2020\/10\/logo-apellaniz.png","contentUrl":"https:\/\/www.grupoapellaniz.com\/wp-content\/uploads\/2020\/10\/logo-apellaniz.png","width":300,"height":66,"caption":"Grupo Apell\u00e1niz"},"image":{"@id":"https:\/\/www.grupoapellaniz.com\/#\/schema\/logo\/image\/"}}]}},"_links":{"self":[{"href":"https:\/\/www.grupoapellaniz.com\/fr\/wp-json\/wp\/v2\/contenido\/975","targetHints":{"allow":["GET"]}}],"collection":[{"href":"https:\/\/www.grupoapellaniz.com\/fr\/wp-json\/wp\/v2\/contenido"}],"about":[{"href":"https:\/\/www.grupoapellaniz.com\/fr\/wp-json\/wp\/v2\/types\/contenido"}],"up":[{"embeddable":true,"href":"https:\/\/www.grupoapellaniz.com\/fr\/wp-json\/wp\/v2\/contenido\/938"}],"wp:featuredmedia":[{"embeddable":true,"href":"https:\/\/www.grupoapellaniz.com\/fr\/wp-json\/wp\/v2\/media\/2042"}],"wp:attachment":[{"href":"https:\/\/www.grupoapellaniz.com\/fr\/wp-json\/wp\/v2\/media?parent=975"}],"curies":[{"name":"wp","href":"https:\/\/api.w.org\/{rel}","templated":true}]}}