{"id":961,"date":"2020-10-16T19:16:05","date_gmt":"2020-10-16T17:16:05","guid":{"rendered":"https:\/\/www.grupoapellaniz.com\/?post_type=contenido&#038;p=961"},"modified":"2026-02-23T16:48:31","modified_gmt":"2026-02-23T15:48:31","slug":"arquetas-para-red-electrica-y-saneamiento-2","status":"publish","type":"contenido","link":"https:\/\/www.grupoapellaniz.com\/fr\/catalogo\/bupre\/electricas-y-saneamiento\/arquetas\/arquetas-para-red-electrica-y-saneamiento-2\/","title":{"rendered":"Arquetas prefabricadas para red el\u00e9ctrica y saneamiento"},"content":{"rendered":"<p>Au <strong>BUPRE<\/strong> desarrollamos <strong>arquetas prefabricadas de hormig\u00f3n para redes de distribuci\u00f3n el\u00e9ctrica y redes de saneamiento<\/strong>, ofreciendo soluciones robustas, duraderas, de f\u00e1cil instalaci\u00f3n y adaptadas a los requisitos t\u00e9cnicos en proyectos de canalizaci\u00f3n subterr\u00e1nea para infraestructuras urbanas y de obra civil.<\/p>\n\n\n\n<h2 class=\"wp-block-heading\">Caracter\u00edsticas de las arquetas BUPRE para red el\u00e9ctrica y saneamiento<\/h2>\n\n\n\n<p>Las arquetas prefabricadas de hormig\u00f3n disponen, en tres de sus caras, de una <strong>ventana rebajada<\/strong> dise\u00f1ada para su rotura en obra y <strong>facilitar la entrada de conductos y canalizaciones<\/strong>, tanto en redes el\u00e9ctricas como de saneamiento.<\/p>\n\n\n\n<p>Fabricamos <strong>arquetas adaptadas a distintos tipos de instalaci\u00f3n<\/strong>, ofreciendo soluciones vers\u00e1tiles y funcionales. As\u00ed, ofrecemos Arquetas con fondo, Arquetas sin fondo, Arquetas con acabado de hormig\u00f3n en masa y Arquetas con acabado de hormig\u00f3n armado. <\/p>\n\n\n\n<p>Asimismo, disponemos de diferentes medidas est\u00e1ndar y estudiamos la fabricaci\u00f3n de soluciones a medida adaptadas a las necesidades de cada proyecto.<\/p>\n\n\n\n<p class=\"has-text-align-center has-cyan-bluish-gray-background-color has-background has-medium-font-size\"><strong>Arquetas con fondo<\/strong><\/p>\n\n\n\n<figure class=\"wp-block-table is-style-stripes\"><table class=\"has-fixed-layout\"><thead><tr><th class=\"has-text-align-center\" data-align=\"center\">Mesures internes<\/th><th class=\"has-text-align-center\" data-align=\"center\">Mesures externes<\/th><th class=\"has-text-align-center\" data-align=\"center\">Hauteur<\/th><th class=\"has-text-align-center\" data-align=\"center\">Diam\u00e8tre de la fen\u00eatre<\/th><th class=\"has-text-align-center\" data-align=\"center\">Poids (kg)<\/th><\/tr><\/thead><tbody><tr><td class=\"has-text-align-center\" data-align=\"center\">400\u00d7400 mm<\/td><td class=\"has-text-align-center\" data-align=\"center\">480\u00d7480 mm<\/td><td class=\"has-text-align-center\" data-align=\"center\">540 mm<\/td><td class=\"has-text-align-center\" data-align=\"center\">24 mm<\/td><td class=\"has-text-align-center\" data-align=\"center\">115<\/td><\/tr><tr><td class=\"has-text-align-center\" data-align=\"center\">500\u00d7500 mm<\/td><td class=\"has-text-align-center\" data-align=\"center\">600\u00d7600 mm<\/td><td class=\"has-text-align-center\" data-align=\"center\">550 mm<\/td><td class=\"has-text-align-center\" data-align=\"center\">30 mm<\/td><td class=\"has-text-align-center\" data-align=\"center\">185<\/td><\/tr><tr><td class=\"has-text-align-center\" data-align=\"center\">600\u00d7600 mm<\/td><td class=\"has-text-align-center\" data-align=\"center\">720\u00d7720 mm<\/td><td class=\"has-text-align-center\" data-align=\"center\">600 mm<\/td><td class=\"has-text-align-center\" data-align=\"center\">33 mm<\/td><td class=\"has-text-align-center\" data-align=\"center\">273<\/td><\/tr><tr><td class=\"has-text-align-center\" data-align=\"center\">800\u00d7800 mm<\/td><td class=\"has-text-align-center\" data-align=\"center\">960X960mm<\/td><td class=\"has-text-align-center\" data-align=\"center\">880mm<\/td><td class=\"has-text-align-center\" data-align=\"center\">51 mm<\/td><td class=\"has-text-align-center\" data-align=\"center\">651<\/td><\/tr><\/tbody><\/table><\/figure>\n\n\n\n<p class=\"has-text-align-center has-cyan-bluish-gray-background-color has-background has-medium-font-size\"><strong>Arquetas sin fondo<\/strong><\/p>\n\n\n\n<figure class=\"wp-block-table is-style-stripes\"><table class=\"has-fixed-layout\"><thead><tr><th class=\"has-text-align-center\" data-align=\"center\">Mesures internes<\/th><th class=\"has-text-align-center\" data-align=\"center\">Mesures externes<\/th><th class=\"has-text-align-center\" data-align=\"center\">Hauteur<\/th><th class=\"has-text-align-center\" data-align=\"center\">Diam\u00e8tre de la fen\u00eatre<\/th><th class=\"has-text-align-center\" data-align=\"center\">Poids (kg)<\/th><\/tr><\/thead><tbody><tr><td class=\"has-text-align-center\" data-align=\"center\">400\u00d7400 mm<\/td><td class=\"has-text-align-center\" data-align=\"center\">480\u00d7480 mm<\/td><td class=\"has-text-align-center\" data-align=\"center\">540 mm<\/td><td class=\"has-text-align-center\" data-align=\"center\">24 mm<\/td><td class=\"has-text-align-center\" data-align=\"center\">105<\/td><\/tr><tr><td class=\"has-text-align-center\" data-align=\"center\">500\u00d7500 mm<\/td><td class=\"has-text-align-center\" data-align=\"center\">600\u00d7600 mm<\/td><td class=\"has-text-align-center\" data-align=\"center\">550 mm<\/td><td class=\"has-text-align-center\" data-align=\"center\">30 mm<\/td><td class=\"has-text-align-center\" data-align=\"center\">157<\/td><\/tr><tr><td class=\"has-text-align-center\" data-align=\"center\">600\u00d7600 mm<\/td><td class=\"has-text-align-center\" data-align=\"center\">720\u00d7720 mm<\/td><td class=\"has-text-align-center\" data-align=\"center\">600 mm<\/td><td class=\"has-text-align-center\" data-align=\"center\">33 mm<\/td><td class=\"has-text-align-center\" data-align=\"center\">233<\/td><\/tr><tr><td class=\"has-text-align-center\" data-align=\"center\">800\u00d7800 mm<\/td><td class=\"has-text-align-center\" data-align=\"center\">960X960mm<\/td><td class=\"has-text-align-center\" data-align=\"center\">880mm<\/td><td class=\"has-text-align-center\" data-align=\"center\">51 mm<\/td><td class=\"has-text-align-center\" data-align=\"center\">525<\/td><\/tr><\/tbody><\/table><\/figure>\n\n\n\n<h2 class=\"wp-block-heading\">Calidad de las arquetas prefabricadas de hormig\u00f3n de BUPRE<\/h2>\n\n\n\n<p>Nuestras arquetas para instalaciones enterradas de red el\u00e9ctrica y de saneamiento est\u00e1n fabricadas conforme a la <strong>Norma UNE-EN 1917 y la UNE127917<\/strong>, con hormig\u00f3n de alta resistencia \u2265 400 kp\/cm, cumpliendo con las condiciones establecidas en la reglamentaci\u00f3n vigente, <strong>C\u00f3digo Estructural, <\/strong>garantizando su<strong> calidad, resistencia y durabilidad.<\/strong><\/p>\n\n\n\n<p>Ponemos a disposici\u00f3n de nuestros clientes los certificados correspondientes, asegurando el cumplimiento normativo exigido en proyectos de obra civil e infraestructuras p\u00fablicas.<\/p>\n\n\n\n<h2 class=\"wp-block-heading\">Accesorios para arquetas<\/h2>\n\n\n\n<p>Las arquetas prefabricadas de hormig\u00f3n pueden suministrarse con distintas opciones y complementos:<\/p>\n\n\n\n<ul class=\"wp-block-list\">\n<li>Tapa de hormig\u00f3n personalizada con logotipo o leyenda<\/li>\n\n\n\n<li>Rejilla de pocillo<\/li>\n\n\n\n<li>Regletas y ganchos de suspensi\u00f3n<\/li>\n\n\n\n<li>Soporte con enganche y polea<\/li>\n\n\n\n<li>Placa de reparto<\/li>\n\n\n\n<li>Marcos para recibir en la arqueta de alumbrado<\/li>\n<\/ul>\n\n\n\n<p>Estas opciones permiten adaptar la arqueta a los requisitos funcionales y t\u00e9cnicos de cada instalaci\u00f3n.<\/p>","protected":false},"featured_media":1545,"parent":921,"menu_order":28,"template":"","class_list":["post-961","contenido","type-contenido","status-publish","has-post-thumbnail","hentry"],"acf":[],"yoast_head":"<!-- This site is optimized with the Yoast SEO plugin v27.4 - https:\/\/yoast.com\/product\/yoast-seo-wordpress\/ -->\n<title>Arquetas prefabricadas para red el\u00e9ctrica y saneamiento - Grupo Apell\u00e1niz<\/title>\n<meta name=\"robots\" content=\"index, follow, max-snippet:-1, max-image-preview:large, max-video-preview:-1\" \/>\n<link rel=\"canonical\" href=\"https:\/\/www.grupoapellaniz.com\/fr\/catalogo\/bupre\/electricas-y-saneamiento\/arquetas\/arquetas-para-red-electrica-y-saneamiento-2\/\" \/>\n<meta property=\"og:locale\" content=\"fr_FR\" \/>\n<meta property=\"og:type\" content=\"article\" \/>\n<meta property=\"og:title\" content=\"Arquetas prefabricadas para red el\u00e9ctrica y saneamiento - Grupo Apell\u00e1niz\" \/>\n<meta property=\"og:description\" content=\"En BUPRE desarrollamos arquetas prefabricadas de hormig\u00f3n para redes de distribuci\u00f3n el\u00e9ctrica y redes de saneamiento, ofreciendo soluciones robustas, duraderas, de f\u00e1cil instalaci\u00f3n y adaptadas a los requisitos t\u00e9cnicos en proyectos de canalizaci\u00f3n subterr\u00e1nea para infraestructuras urbanas y de obra civil. Caracter\u00edsticas de las arquetas BUPRE para red el\u00e9ctrica y saneamiento Las arquetas prefabricadas de [&hellip;]\" \/>\n<meta property=\"og:url\" content=\"https:\/\/www.grupoapellaniz.com\/fr\/catalogo\/bupre\/electricas-y-saneamiento\/arquetas\/arquetas-para-red-electrica-y-saneamiento-2\/\" \/>\n<meta property=\"og:site_name\" content=\"Grupo Apell\u00e1niz\" \/>\n<meta property=\"article:modified_time\" content=\"2026-02-23T15:48:31+00:00\" \/>\n<meta property=\"og:image\" content=\"https:\/\/www.grupoapellaniz.com\/wp-content\/uploads\/2020\/10\/arquetas-pq.jpg\" \/>\n\t<meta property=\"og:image:width\" content=\"2000\" \/>\n\t<meta property=\"og:image:height\" content=\"2000\" \/>\n\t<meta property=\"og:image:type\" content=\"image\/jpeg\" \/>\n<meta name=\"twitter:card\" content=\"summary_large_image\" \/>\n<meta name=\"twitter:label1\" content=\"Dur\u00e9e de lecture estim\u00e9e\" \/>\n\t<meta name=\"twitter:data1\" content=\"2 minutes\" \/>\n<script type=\"application\/ld+json\" class=\"yoast-schema-graph\">{\"@context\":\"https:\\\/\\\/schema.org\",\"@graph\":[{\"@type\":\"WebPage\",\"@id\":\"https:\\\/\\\/www.grupoapellaniz.com\\\/catalogo\\\/bupre\\\/electricas-y-saneamiento\\\/arquetas\\\/arquetas-para-red-electrica-y-saneamiento-2\\\/\",\"url\":\"https:\\\/\\\/www.grupoapellaniz.com\\\/catalogo\\\/bupre\\\/electricas-y-saneamiento\\\/arquetas\\\/arquetas-para-red-electrica-y-saneamiento-2\\\/\",\"name\":\"Arquetas prefabricadas para red el\u00e9ctrica y saneamiento - Grupo Apell\u00e1niz\",\"isPartOf\":{\"@id\":\"https:\\\/\\\/www.grupoapellaniz.com\\\/#website\"},\"primaryImageOfPage\":{\"@id\":\"https:\\\/\\\/www.grupoapellaniz.com\\\/catalogo\\\/bupre\\\/electricas-y-saneamiento\\\/arquetas\\\/arquetas-para-red-electrica-y-saneamiento-2\\\/#primaryimage\"},\"image\":{\"@id\":\"https:\\\/\\\/www.grupoapellaniz.com\\\/catalogo\\\/bupre\\\/electricas-y-saneamiento\\\/arquetas\\\/arquetas-para-red-electrica-y-saneamiento-2\\\/#primaryimage\"},\"thumbnailUrl\":\"https:\\\/\\\/www.grupoapellaniz.com\\\/wp-content\\\/uploads\\\/2020\\\/10\\\/arquetas-pq.jpg\",\"datePublished\":\"2020-10-16T17:16:05+00:00\",\"dateModified\":\"2026-02-23T15:48:31+00:00\",\"breadcrumb\":{\"@id\":\"https:\\\/\\\/www.grupoapellaniz.com\\\/catalogo\\\/bupre\\\/electricas-y-saneamiento\\\/arquetas\\\/arquetas-para-red-electrica-y-saneamiento-2\\\/#breadcrumb\"},\"inLanguage\":\"fr-FR\",\"potentialAction\":[{\"@type\":\"ReadAction\",\"target\":[\"https:\\\/\\\/www.grupoapellaniz.com\\\/catalogo\\\/bupre\\\/electricas-y-saneamiento\\\/arquetas\\\/arquetas-para-red-electrica-y-saneamiento-2\\\/\"]}]},{\"@type\":\"ImageObject\",\"inLanguage\":\"fr-FR\",\"@id\":\"https:\\\/\\\/www.grupoapellaniz.com\\\/catalogo\\\/bupre\\\/electricas-y-saneamiento\\\/arquetas\\\/arquetas-para-red-electrica-y-saneamiento-2\\\/#primaryimage\",\"url\":\"https:\\\/\\\/www.grupoapellaniz.com\\\/wp-content\\\/uploads\\\/2020\\\/10\\\/arquetas-pq.jpg\",\"contentUrl\":\"https:\\\/\\\/www.grupoapellaniz.com\\\/wp-content\\\/uploads\\\/2020\\\/10\\\/arquetas-pq.jpg\",\"width\":2000,\"height\":2000},{\"@type\":\"BreadcrumbList\",\"@id\":\"https:\\\/\\\/www.grupoapellaniz.com\\\/catalogo\\\/bupre\\\/electricas-y-saneamiento\\\/arquetas\\\/arquetas-para-red-electrica-y-saneamiento-2\\\/#breadcrumb\",\"itemListElement\":[{\"@type\":\"ListItem\",\"position\":1,\"name\":\"Portada\",\"item\":\"https:\\\/\\\/www.grupoapellaniz.com\\\/\"},{\"@type\":\"ListItem\",\"position\":2,\"name\":\"BUPRE\",\"item\":\"https:\\\/\\\/www.grupoapellaniz.com\\\/catalogo\\\/bupre\\\/\"},{\"@type\":\"ListItem\",\"position\":3,\"name\":\"El\u00e9ctricas y saneamiento\",\"item\":\"https:\\\/\\\/www.grupoapellaniz.com\\\/en\\\/catalogo\\\/bupre\\\/electricas-y-saneamiento\\\/\"},{\"@type\":\"ListItem\",\"position\":4,\"name\":\"Arquetas Electricidad y Saneamiento\",\"item\":\"https:\\\/\\\/www.grupoapellaniz.com\\\/en\\\/catalogo\\\/bupre\\\/electricas-y-saneamiento\\\/arquetas\\\/\"},{\"@type\":\"ListItem\",\"position\":5,\"name\":\"Arquetas prefabricadas para red el\u00e9ctrica y saneamiento\"}]},{\"@type\":\"WebSite\",\"@id\":\"https:\\\/\\\/www.grupoapellaniz.com\\\/#website\",\"url\":\"https:\\\/\\\/www.grupoapellaniz.com\\\/\",\"name\":\"Grupo Apell\u00e1niz\",\"description\":\"Elementos de sujeci\u00f3n galvanizados y prefabricados de hormig\u00f3n\",\"publisher\":{\"@id\":\"https:\\\/\\\/www.grupoapellaniz.com\\\/#organization\"},\"potentialAction\":[{\"@type\":\"SearchAction\",\"target\":{\"@type\":\"EntryPoint\",\"urlTemplate\":\"https:\\\/\\\/www.grupoapellaniz.com\\\/?s={search_term_string}\"},\"query-input\":{\"@type\":\"PropertyValueSpecification\",\"valueRequired\":true,\"valueName\":\"search_term_string\"}}],\"inLanguage\":\"fr-FR\"},{\"@type\":\"Organization\",\"@id\":\"https:\\\/\\\/www.grupoapellaniz.com\\\/#organization\",\"name\":\"Grupo Apell\u00e1niz\",\"url\":\"https:\\\/\\\/www.grupoapellaniz.com\\\/\",\"logo\":{\"@type\":\"ImageObject\",\"inLanguage\":\"fr-FR\",\"@id\":\"https:\\\/\\\/www.grupoapellaniz.com\\\/#\\\/schema\\\/logo\\\/image\\\/\",\"url\":\"https:\\\/\\\/www.grupoapellaniz.com\\\/wp-content\\\/uploads\\\/2020\\\/10\\\/logo-apellaniz.png\",\"contentUrl\":\"https:\\\/\\\/www.grupoapellaniz.com\\\/wp-content\\\/uploads\\\/2020\\\/10\\\/logo-apellaniz.png\",\"width\":300,\"height\":66,\"caption\":\"Grupo Apell\u00e1niz\"},\"image\":{\"@id\":\"https:\\\/\\\/www.grupoapellaniz.com\\\/#\\\/schema\\\/logo\\\/image\\\/\"}}]}<\/script>\n<!-- \/ Yoast SEO plugin. -->","yoast_head_json":{"title":"Arquetas prefabricadas para red el\u00e9ctrica y saneamiento - Grupo Apell\u00e1niz","robots":{"index":"index","follow":"follow","max-snippet":"max-snippet:-1","max-image-preview":"max-image-preview:large","max-video-preview":"max-video-preview:-1"},"canonical":"https:\/\/www.grupoapellaniz.com\/fr\/catalogo\/bupre\/electricas-y-saneamiento\/arquetas\/arquetas-para-red-electrica-y-saneamiento-2\/","og_locale":"fr_FR","og_type":"article","og_title":"Arquetas prefabricadas para red el\u00e9ctrica y saneamiento - Grupo Apell\u00e1niz","og_description":"En BUPRE desarrollamos arquetas prefabricadas de hormig\u00f3n para redes de distribuci\u00f3n el\u00e9ctrica y redes de saneamiento, ofreciendo soluciones robustas, duraderas, de f\u00e1cil instalaci\u00f3n y adaptadas a los requisitos t\u00e9cnicos en proyectos de canalizaci\u00f3n subterr\u00e1nea para infraestructuras urbanas y de obra civil. Caracter\u00edsticas de las arquetas BUPRE para red el\u00e9ctrica y saneamiento Las arquetas prefabricadas de [&hellip;]","og_url":"https:\/\/www.grupoapellaniz.com\/fr\/catalogo\/bupre\/electricas-y-saneamiento\/arquetas\/arquetas-para-red-electrica-y-saneamiento-2\/","og_site_name":"Grupo Apell\u00e1niz","article_modified_time":"2026-02-23T15:48:31+00:00","og_image":[{"width":2000,"height":2000,"url":"https:\/\/www.grupoapellaniz.com\/wp-content\/uploads\/2020\/10\/arquetas-pq.jpg","type":"image\/jpeg"}],"twitter_card":"summary_large_image","twitter_misc":{"Dur\u00e9e de lecture estim\u00e9e":"2 minutes"},"schema":{"@context":"https:\/\/schema.org","@graph":[{"@type":"WebPage","@id":"https:\/\/www.grupoapellaniz.com\/catalogo\/bupre\/electricas-y-saneamiento\/arquetas\/arquetas-para-red-electrica-y-saneamiento-2\/","url":"https:\/\/www.grupoapellaniz.com\/catalogo\/bupre\/electricas-y-saneamiento\/arquetas\/arquetas-para-red-electrica-y-saneamiento-2\/","name":"Arquetas prefabricadas para red el\u00e9ctrica y saneamiento - Grupo Apell\u00e1niz","isPartOf":{"@id":"https:\/\/www.grupoapellaniz.com\/#website"},"primaryImageOfPage":{"@id":"https:\/\/www.grupoapellaniz.com\/catalogo\/bupre\/electricas-y-saneamiento\/arquetas\/arquetas-para-red-electrica-y-saneamiento-2\/#primaryimage"},"image":{"@id":"https:\/\/www.grupoapellaniz.com\/catalogo\/bupre\/electricas-y-saneamiento\/arquetas\/arquetas-para-red-electrica-y-saneamiento-2\/#primaryimage"},"thumbnailUrl":"https:\/\/www.grupoapellaniz.com\/wp-content\/uploads\/2020\/10\/arquetas-pq.jpg","datePublished":"2020-10-16T17:16:05+00:00","dateModified":"2026-02-23T15:48:31+00:00","breadcrumb":{"@id":"https:\/\/www.grupoapellaniz.com\/catalogo\/bupre\/electricas-y-saneamiento\/arquetas\/arquetas-para-red-electrica-y-saneamiento-2\/#breadcrumb"},"inLanguage":"fr-FR","potentialAction":[{"@type":"ReadAction","target":["https:\/\/www.grupoapellaniz.com\/catalogo\/bupre\/electricas-y-saneamiento\/arquetas\/arquetas-para-red-electrica-y-saneamiento-2\/"]}]},{"@type":"ImageObject","inLanguage":"fr-FR","@id":"https:\/\/www.grupoapellaniz.com\/catalogo\/bupre\/electricas-y-saneamiento\/arquetas\/arquetas-para-red-electrica-y-saneamiento-2\/#primaryimage","url":"https:\/\/www.grupoapellaniz.com\/wp-content\/uploads\/2020\/10\/arquetas-pq.jpg","contentUrl":"https:\/\/www.grupoapellaniz.com\/wp-content\/uploads\/2020\/10\/arquetas-pq.jpg","width":2000,"height":2000},{"@type":"BreadcrumbList","@id":"https:\/\/www.grupoapellaniz.com\/catalogo\/bupre\/electricas-y-saneamiento\/arquetas\/arquetas-para-red-electrica-y-saneamiento-2\/#breadcrumb","itemListElement":[{"@type":"ListItem","position":1,"name":"Portada","item":"https:\/\/www.grupoapellaniz.com\/"},{"@type":"ListItem","position":2,"name":"BUPRE","item":"https:\/\/www.grupoapellaniz.com\/catalogo\/bupre\/"},{"@type":"ListItem","position":3,"name":"El\u00e9ctricas y saneamiento","item":"https:\/\/www.grupoapellaniz.com\/en\/catalogo\/bupre\/electricas-y-saneamiento\/"},{"@type":"ListItem","position":4,"name":"Arquetas Electricidad y Saneamiento","item":"https:\/\/www.grupoapellaniz.com\/en\/catalogo\/bupre\/electricas-y-saneamiento\/arquetas\/"},{"@type":"ListItem","position":5,"name":"Arquetas prefabricadas para red el\u00e9ctrica y saneamiento"}]},{"@type":"WebSite","@id":"https:\/\/www.grupoapellaniz.com\/#website","url":"https:\/\/www.grupoapellaniz.com\/","name":"Groupe Apell\u00e1niz","description":"Elementos de sujeci\u00f3n galvanizados y prefabricados de hormig\u00f3n","publisher":{"@id":"https:\/\/www.grupoapellaniz.com\/#organization"},"potentialAction":[{"@type":"SearchAction","target":{"@type":"EntryPoint","urlTemplate":"https:\/\/www.grupoapellaniz.com\/?s={search_term_string}"},"query-input":{"@type":"PropertyValueSpecification","valueRequired":true,"valueName":"search_term_string"}}],"inLanguage":"fr-FR"},{"@type":"Organization","@id":"https:\/\/www.grupoapellaniz.com\/#organization","name":"Groupe Apell\u00e1niz","url":"https:\/\/www.grupoapellaniz.com\/","logo":{"@type":"ImageObject","inLanguage":"fr-FR","@id":"https:\/\/www.grupoapellaniz.com\/#\/schema\/logo\/image\/","url":"https:\/\/www.grupoapellaniz.com\/wp-content\/uploads\/2020\/10\/logo-apellaniz.png","contentUrl":"https:\/\/www.grupoapellaniz.com\/wp-content\/uploads\/2020\/10\/logo-apellaniz.png","width":300,"height":66,"caption":"Grupo Apell\u00e1niz"},"image":{"@id":"https:\/\/www.grupoapellaniz.com\/#\/schema\/logo\/image\/"}}]}},"_links":{"self":[{"href":"https:\/\/www.grupoapellaniz.com\/fr\/wp-json\/wp\/v2\/contenido\/961","targetHints":{"allow":["GET"]}}],"collection":[{"href":"https:\/\/www.grupoapellaniz.com\/fr\/wp-json\/wp\/v2\/contenido"}],"about":[{"href":"https:\/\/www.grupoapellaniz.com\/fr\/wp-json\/wp\/v2\/types\/contenido"}],"up":[{"embeddable":true,"href":"https:\/\/www.grupoapellaniz.com\/fr\/wp-json\/wp\/v2\/contenido\/921"}],"wp:featuredmedia":[{"embeddable":true,"href":"https:\/\/www.grupoapellaniz.com\/fr\/wp-json\/wp\/v2\/media\/1545"}],"wp:attachment":[{"href":"https:\/\/www.grupoapellaniz.com\/fr\/wp-json\/wp\/v2\/media?parent=961"}],"curies":[{"name":"wp","href":"https:\/\/api.w.org\/{rel}","templated":true}]}}