{"id":1839,"date":"2021-01-28T14:28:57","date_gmt":"2021-01-28T13:28:57","guid":{"rendered":"https:\/\/www.grupoapellaniz.com\/?post_type=contenido&#038;p=1839"},"modified":"2024-06-10T13:28:02","modified_gmt":"2024-06-10T11:28:02","slug":"herrajes-para-carretera-senalizacion-y-automovil","status":"publish","type":"contenido","link":"https:\/\/www.grupoapellaniz.com\/fr\/catalogo\/esg\/herrajes-metalicos\/herrajes-para-carretera-senalizacion-y-automovil\/","title":{"rendered":"Mat\u00e9riel pour la route, la signalisation et l'automobile"},"content":{"rendered":"<p>Les travaux publics ont toujours \u00e9t\u00e9 une r\u00e9f\u00e9rence pour les fixations galvanis\u00e9es.<\/p>\n\n\n\n<p>Le mat\u00e9riel pour la route, la signalisation, l'automobile et la s\u00e9curit\u00e9 routi\u00e8re est l'un des secteurs les plus actifs de l'entreprise. Signalisation et automobile .<\/p>\n\n\n\n<p>Les ferrures que nous fabriquons sont conformes \u00e0 la norme en vigueur. Toutefois, si le client d\u00e9cide de modifier les caract\u00e9ristiques de la pi\u00e8ce, notre d\u00e9partement technique \u00e9valuera la possibilit\u00e9 et un devis sera \u00e9tabli avec la quincaillerie n\u00e9cessaire.<\/p>\n\n\n\n<p>Nos pi\u00e8ces sont galvanis\u00e9es \u00e0 chaud dans notre propre usine de galvanisation.<\/p>\n\n\n\n<p class=\"has-text-align-center has-cyan-bluish-gray-background-color has-background has-medium-font-size\"><strong>\u00c9QUIPEMENTS DE VOIRIE ET DE SIGNALISATION<\/strong><\/p>\n\n\n\n<figure class=\"wp-block-table alignwide is-style-stripes\" style=\"font-size:17px\"><table><thead><tr><th><\/th><th class=\"has-text-align-center\" data-align=\"center\">CODE<\/th><th class=\"has-text-align-center\" data-align=\"center\">DESCRIPTION DE L'ARTICLE<\/th><th class=\"has-text-align-center\" data-align=\"center\">REMARQUES<\/th><th class=\"has-text-align-center\" data-align=\"center\">EMBALLAGE<\/th><\/tr><\/thead><tbody><tr><td><img decoding=\"async\" width=\"150\" height=\"145\" class=\"wp-image-2889\" style=\"width: 150px;\" src=\"https:\/\/www.grupoapellaniz.com\/wp-content\/uploads\/2021\/01\/1888739e-d5f2-4bf9-9570-8986ea433ee6-removebg-preview-1.png\" alt=\"HERRAJES PARA CARRETERA, SE\u00d1ALIZACI\u00d3N Y AUTOM\u00d3VIL\" srcset=\"https:\/\/www.grupoapellaniz.com\/wp-content\/uploads\/2021\/01\/1888739e-d5f2-4bf9-9570-8986ea433ee6-removebg-preview-1.png 258w, https:\/\/www.grupoapellaniz.com\/wp-content\/uploads\/2021\/01\/1888739e-d5f2-4bf9-9570-8986ea433ee6-removebg-preview-1-12x12.png 12w\" sizes=\"(max-width: 150px) 100vw, 150px\" \/><\/td><td class=\"has-text-align-center\" data-align=\"center\">THA00027<\/td><td class=\"has-text-align-center\" data-align=\"center\">CAPTAFARO H.I. 2 FACES JAUNE\/BLANC<\/td><td class=\"has-text-align-center\" data-align=\"center\">Installation sur les barri\u00e8res de s\u00e9curit\u00e9 bionda.<\/td><td class=\"has-text-align-center\" data-align=\"center\">(175 pi\u00e8ces)<\/td><\/tr><tr><td><img decoding=\"async\" width=\"150\" height=\"140\" class=\"wp-image-2880\" style=\"width: 150px;\" src=\"https:\/\/www.grupoapellaniz.com\/wp-content\/uploads\/2021\/01\/captura-removebg-preview-2-1.png\" alt=\"HERRAJES PARA CARRETERA, SE\u00d1ALIZACI\u00d3N Y AUTOM\u00d3VIL\" srcset=\"https:\/\/www.grupoapellaniz.com\/wp-content\/uploads\/2021\/01\/captura-removebg-preview-2-1.png 322w, https:\/\/www.grupoapellaniz.com\/wp-content\/uploads\/2021\/01\/captura-removebg-preview-2-1-300x280.png 300w, https:\/\/www.grupoapellaniz.com\/wp-content\/uploads\/2021\/01\/captura-removebg-preview-2-1-13x12.png 13w\" sizes=\"(max-width: 150px) 100vw, 150px\" \/><\/td><td class=\"has-text-align-center\" data-align=\"center\">THA00168<\/td><td class=\"has-text-align-center\" data-align=\"center\">\"FIXATION INTERM\u00c9DIAIRE GALVANIS\u00c9E ET ATTACHE \u00c0 GENOUILL\u00c8RE GALVANIS\u00c9E<\/td><td class=\"has-text-align-center\" data-align=\"center\">Installation et fixation de panneaux de signalisation \u00e0 lamelles.<\/td><td class=\"has-text-align-center\" data-align=\"center\">En vrac<\/td><\/tr><tr><td><img decoding=\"async\" width=\"150\" height=\"66\" class=\"wp-image-2882\" style=\"width: 150px;\" src=\"https:\/\/www.grupoapellaniz.com\/wp-content\/uploads\/2021\/01\/captura-removebg-preview-3-2.png\" alt=\"HERRAJES PARA CARRETERA, SE\u00d1ALIZACI\u00d3N Y AUTOM\u00d3VIL\" srcset=\"https:\/\/www.grupoapellaniz.com\/wp-content\/uploads\/2021\/01\/captura-removebg-preview-3-2.png 354w, https:\/\/www.grupoapellaniz.com\/wp-content\/uploads\/2021\/01\/captura-removebg-preview-3-2-300x132.png 300w, https:\/\/www.grupoapellaniz.com\/wp-content\/uploads\/2021\/01\/captura-removebg-preview-3-2-18x8.png 18w\" sizes=\"(max-width: 150px) 100vw, 150px\" \/><\/td><td class=\"has-text-align-center\" data-align=\"center\">THA00193<\/td><td class=\"has-text-align-center\" data-align=\"center\">ARRIMAGE LAT\u00c9RAL GALVANIS\u00c9<\/td><td class=\"has-text-align-center\" data-align=\"center\">Installation et fixation de panneaux de signalisation \u00e0 lamelles.<\/td><td class=\"has-text-align-center\" data-align=\"center\">En vrac<\/td><\/tr><tr><td><img loading=\"lazy\" decoding=\"async\" width=\"128\" height=\"177\" class=\"wp-image-2896\" style=\"width: 128px;\" src=\"https:\/\/www.grupoapellaniz.com\/wp-content\/uploads\/2021\/01\/captura.jpg\" alt=\"\" srcset=\"https:\/\/www.grupoapellaniz.com\/wp-content\/uploads\/2021\/01\/captura.jpg 128w, https:\/\/www.grupoapellaniz.com\/wp-content\/uploads\/2021\/01\/captura-9x12.jpg 9w\" sizes=\"(max-width: 128px) 100vw, 128px\" \/><\/td><td class=\"has-text-align-center\" data-align=\"center\"><\/td><td class=\"has-text-align-center\" data-align=\"center\">JALON DE BORDURE ANCRAGE<\/td><td class=\"has-text-align-center\" data-align=\"center\">Pour l'installation de rep\u00e8res de bord.<\/td><td class=\"has-text-align-center\" data-align=\"center\">(150 pi\u00e8ces)<\/td><\/tr><tr><td><img loading=\"lazy\" decoding=\"async\" width=\"150\" height=\"140\" class=\"wp-image-2877\" style=\"width: 150px;\" src=\"https:\/\/www.grupoapellaniz.com\/wp-content\/uploads\/2021\/01\/32a8f375-ae83-4c48-a45e-8de2721c0f37-removebg-preview-1.png\" alt=\"HERRAJES PARA CARRETERA, SE\u00d1ALIZACI\u00d3N Y AUTOM\u00d3VIL\" srcset=\"https:\/\/www.grupoapellaniz.com\/wp-content\/uploads\/2021\/01\/32a8f375-ae83-4c48-a45e-8de2721c0f37-removebg-preview-1.png 332w, https:\/\/www.grupoapellaniz.com\/wp-content\/uploads\/2021\/01\/32a8f375-ae83-4c48-a45e-8de2721c0f37-removebg-preview-1-300x279.png 300w, https:\/\/www.grupoapellaniz.com\/wp-content\/uploads\/2021\/01\/32a8f375-ae83-4c48-a45e-8de2721c0f37-removebg-preview-1-13x12.png 13w\" sizes=\"(max-width: 150px) 100vw, 150px\" \/><\/td><td class=\"has-text-align-center\" data-align=\"center\"><\/td><td class=\"has-text-align-center\" data-align=\"center\">BORNE D'ANCRAGE DE BARRI\u00c8RE AVEC 3 OU 5 TROUS GAUCHE\/DROITE<\/td><td class=\"has-text-align-center\" data-align=\"center\">Pour l'installation de marqueurs de bord sur les barri\u00e8res bionda.<\/td><td class=\"has-text-align-center\" data-align=\"center\">(150 pi\u00e8ces)<\/td><\/tr><tr><td><\/td><td class=\"has-text-align-center\" data-align=\"center\"><\/td><td class=\"has-text-align-center\" data-align=\"center\"><\/td><td class=\"has-text-align-center\" data-align=\"center\"><\/td><td class=\"has-text-align-center\" data-align=\"center\"><\/td><\/tr><\/tbody><\/table><\/figure>\n\n\n\n<p class=\"has-text-align-center has-cyan-bluish-gray-background-color has-background has-medium-font-size\"><strong>RACCORDS AUTOMOBILES<\/strong><\/p>\n\n\n\n<p><\/p>\n\n\n\n<figure class=\"wp-block-table alignwide is-style-stripes\"><table><thead><tr><th><\/th><th class=\"has-text-align-center\" data-align=\"center\">CODE<\/th><th class=\"has-text-align-center\" data-align=\"center\">DESCRIPTION DE L'ARTICLE<\/th><th>REMARQUES<\/th><th>EMBALLAGE<\/th><\/tr><\/thead><tbody><tr><td><img loading=\"lazy\" decoding=\"async\" width=\"150\" height=\"166\" class=\"wp-image-2893\" style=\"width: 150px;\" src=\"https:\/\/www.grupoapellaniz.com\/wp-content\/uploads\/2021\/01\/pieza-punto-carga-1.jpg\" alt=\"PIEZA PUNTO DE CARGA\" srcset=\"https:\/\/www.grupoapellaniz.com\/wp-content\/uploads\/2021\/01\/pieza-punto-carga-1.jpg 1200w, https:\/\/www.grupoapellaniz.com\/wp-content\/uploads\/2021\/01\/pieza-punto-carga-1-272x300.jpg 272w, https:\/\/www.grupoapellaniz.com\/wp-content\/uploads\/2021\/01\/pieza-punto-carga-1-927x1024.jpg 927w, https:\/\/www.grupoapellaniz.com\/wp-content\/uploads\/2021\/01\/pieza-punto-carga-1-768x848.jpg 768w, https:\/\/www.grupoapellaniz.com\/wp-content\/uploads\/2021\/01\/pieza-punto-carga-1-11x12.jpg 11w\" sizes=\"(max-width: 150px) 100vw, 150px\" \/><\/td><td class=\"has-text-align-center\" data-align=\"center\"><\/td><td class=\"has-text-align-center\" data-align=\"center\">ANCRAGE DU POINT DE CHARGE<\/td><td>Pour l'installation de bornes de recharge pour v\u00e9hicules \u00e9lectriques.<\/td><td>\u00c0 consulter<\/td><\/tr><\/tbody><\/table><\/figure>","protected":false},"featured_media":1975,"parent":1838,"menu_order":40,"template":"","class_list":["post-1839","contenido","type-contenido","status-publish","has-post-thumbnail","hentry"],"acf":[],"yoast_head":"<!-- This site is optimized with the Yoast SEO plugin v27.4 - https:\/\/yoast.com\/product\/yoast-seo-wordpress\/ -->\n<title>Herrajes para Carretera, Se\u00f1alizaci\u00f3n y Autom\u00f3vil - Grupo Apell\u00e1niz<\/title>\n<meta name=\"robots\" content=\"index, follow, max-snippet:-1, max-image-preview:large, max-video-preview:-1\" \/>\n<link rel=\"canonical\" href=\"https:\/\/www.grupoapellaniz.com\/fr\/catalogo\/esg\/herrajes-metalicos\/herrajes-para-carretera-senalizacion-y-automovil\/\" \/>\n<meta property=\"og:locale\" content=\"fr_FR\" \/>\n<meta property=\"og:type\" content=\"article\" \/>\n<meta property=\"og:title\" content=\"Herrajes para Carretera, Se\u00f1alizaci\u00f3n y Autom\u00f3vil - Grupo Apell\u00e1niz\" \/>\n<meta property=\"og:description\" content=\"La Obra Publica siempre&nbsp;ha sido una referencia para Elementos de Sujeci\u00f3n Galvanizados. Los herrajes destinados a la Carretera, Se\u00f1alizaci\u00f3n, Autom\u00f3vil y Seguridad Vial, constituyen uno de los sectores m\u00e1s activos de la empresa. Se\u00f1alizaci\u00f3n y autom\u00f3vil . Los herrajes que fabricamos se ajustan a la norma que se encuentre en vigor. No obstante, en caso [&hellip;]\" \/>\n<meta property=\"og:url\" content=\"https:\/\/www.grupoapellaniz.com\/fr\/catalogo\/esg\/herrajes-metalicos\/herrajes-para-carretera-senalizacion-y-automovil\/\" \/>\n<meta property=\"og:site_name\" content=\"Grupo Apell\u00e1niz\" \/>\n<meta property=\"article:modified_time\" content=\"2024-06-10T11:28:02+00:00\" \/>\n<meta property=\"og:image\" content=\"https:\/\/www.grupoapellaniz.com\/wp-content\/uploads\/2021\/01\/carreteras.jpg\" \/>\n\t<meta property=\"og:image:width\" content=\"1200\" \/>\n\t<meta property=\"og:image:height\" content=\"1200\" \/>\n\t<meta property=\"og:image:type\" content=\"image\/jpeg\" \/>\n<meta name=\"twitter:card\" content=\"summary_large_image\" \/>\n<meta name=\"twitter:label1\" content=\"Dur\u00e9e de lecture estim\u00e9e\" \/>\n\t<meta name=\"twitter:data1\" content=\"1 minute\" \/>\n<script type=\"application\/ld+json\" class=\"yoast-schema-graph\">{\"@context\":\"https:\\\/\\\/schema.org\",\"@graph\":[{\"@type\":\"WebPage\",\"@id\":\"https:\\\/\\\/www.grupoapellaniz.com\\\/catalogo\\\/esg\\\/herrajes-metalicos\\\/herrajes-para-carretera-senalizacion-y-automovil\\\/\",\"url\":\"https:\\\/\\\/www.grupoapellaniz.com\\\/catalogo\\\/esg\\\/herrajes-metalicos\\\/herrajes-para-carretera-senalizacion-y-automovil\\\/\",\"name\":\"Herrajes para Carretera, Se\u00f1alizaci\u00f3n y Autom\u00f3vil - Grupo Apell\u00e1niz\",\"isPartOf\":{\"@id\":\"https:\\\/\\\/www.grupoapellaniz.com\\\/#website\"},\"primaryImageOfPage\":{\"@id\":\"https:\\\/\\\/www.grupoapellaniz.com\\\/catalogo\\\/esg\\\/herrajes-metalicos\\\/herrajes-para-carretera-senalizacion-y-automovil\\\/#primaryimage\"},\"image\":{\"@id\":\"https:\\\/\\\/www.grupoapellaniz.com\\\/catalogo\\\/esg\\\/herrajes-metalicos\\\/herrajes-para-carretera-senalizacion-y-automovil\\\/#primaryimage\"},\"thumbnailUrl\":\"https:\\\/\\\/www.grupoapellaniz.com\\\/wp-content\\\/uploads\\\/2021\\\/01\\\/carreteras.jpg\",\"datePublished\":\"2021-01-28T13:28:57+00:00\",\"dateModified\":\"2024-06-10T11:28:02+00:00\",\"breadcrumb\":{\"@id\":\"https:\\\/\\\/www.grupoapellaniz.com\\\/catalogo\\\/esg\\\/herrajes-metalicos\\\/herrajes-para-carretera-senalizacion-y-automovil\\\/#breadcrumb\"},\"inLanguage\":\"fr-FR\",\"potentialAction\":[{\"@type\":\"ReadAction\",\"target\":[\"https:\\\/\\\/www.grupoapellaniz.com\\\/catalogo\\\/esg\\\/herrajes-metalicos\\\/herrajes-para-carretera-senalizacion-y-automovil\\\/\"]}]},{\"@type\":\"ImageObject\",\"inLanguage\":\"fr-FR\",\"@id\":\"https:\\\/\\\/www.grupoapellaniz.com\\\/catalogo\\\/esg\\\/herrajes-metalicos\\\/herrajes-para-carretera-senalizacion-y-automovil\\\/#primaryimage\",\"url\":\"https:\\\/\\\/www.grupoapellaniz.com\\\/wp-content\\\/uploads\\\/2021\\\/01\\\/carreteras.jpg\",\"contentUrl\":\"https:\\\/\\\/www.grupoapellaniz.com\\\/wp-content\\\/uploads\\\/2021\\\/01\\\/carreteras.jpg\",\"width\":1200,\"height\":1200},{\"@type\":\"BreadcrumbList\",\"@id\":\"https:\\\/\\\/www.grupoapellaniz.com\\\/catalogo\\\/esg\\\/herrajes-metalicos\\\/herrajes-para-carretera-senalizacion-y-automovil\\\/#breadcrumb\",\"itemListElement\":[{\"@type\":\"ListItem\",\"position\":1,\"name\":\"Portada\",\"item\":\"https:\\\/\\\/www.grupoapellaniz.com\\\/\"},{\"@type\":\"ListItem\",\"position\":2,\"name\":\"ESG\",\"item\":\"https:\\\/\\\/www.grupoapellaniz.com\\\/catalogo\\\/esg\\\/\"},{\"@type\":\"ListItem\",\"position\":3,\"name\":\"Herrajes Met\u00e1licos de alta calidad para aplicaciones industriales\",\"item\":\"https:\\\/\\\/www.grupoapellaniz.com\\\/catalogo\\\/esg\\\/herrajes-metalicos\\\/\"},{\"@type\":\"ListItem\",\"position\":4,\"name\":\"Herrajes para Carretera, Se\u00f1alizaci\u00f3n y Autom\u00f3vil\"}]},{\"@type\":\"WebSite\",\"@id\":\"https:\\\/\\\/www.grupoapellaniz.com\\\/#website\",\"url\":\"https:\\\/\\\/www.grupoapellaniz.com\\\/\",\"name\":\"Grupo Apell\u00e1niz\",\"description\":\"Elementos de sujeci\u00f3n galvanizados y prefabricados de hormig\u00f3n\",\"publisher\":{\"@id\":\"https:\\\/\\\/www.grupoapellaniz.com\\\/#organization\"},\"potentialAction\":[{\"@type\":\"SearchAction\",\"target\":{\"@type\":\"EntryPoint\",\"urlTemplate\":\"https:\\\/\\\/www.grupoapellaniz.com\\\/?s={search_term_string}\"},\"query-input\":{\"@type\":\"PropertyValueSpecification\",\"valueRequired\":true,\"valueName\":\"search_term_string\"}}],\"inLanguage\":\"fr-FR\"},{\"@type\":\"Organization\",\"@id\":\"https:\\\/\\\/www.grupoapellaniz.com\\\/#organization\",\"name\":\"Grupo Apell\u00e1niz\",\"url\":\"https:\\\/\\\/www.grupoapellaniz.com\\\/\",\"logo\":{\"@type\":\"ImageObject\",\"inLanguage\":\"fr-FR\",\"@id\":\"https:\\\/\\\/www.grupoapellaniz.com\\\/#\\\/schema\\\/logo\\\/image\\\/\",\"url\":\"https:\\\/\\\/www.grupoapellaniz.com\\\/wp-content\\\/uploads\\\/2020\\\/10\\\/logo-apellaniz.png\",\"contentUrl\":\"https:\\\/\\\/www.grupoapellaniz.com\\\/wp-content\\\/uploads\\\/2020\\\/10\\\/logo-apellaniz.png\",\"width\":300,\"height\":66,\"caption\":\"Grupo Apell\u00e1niz\"},\"image\":{\"@id\":\"https:\\\/\\\/www.grupoapellaniz.com\\\/#\\\/schema\\\/logo\\\/image\\\/\"}}]}<\/script>\n<!-- \/ Yoast SEO plugin. -->","yoast_head_json":{"title":"Herrajes para Carretera, Se\u00f1alizaci\u00f3n y Autom\u00f3vil - Grupo Apell\u00e1niz","robots":{"index":"index","follow":"follow","max-snippet":"max-snippet:-1","max-image-preview":"max-image-preview:large","max-video-preview":"max-video-preview:-1"},"canonical":"https:\/\/www.grupoapellaniz.com\/fr\/catalogo\/esg\/herrajes-metalicos\/herrajes-para-carretera-senalizacion-y-automovil\/","og_locale":"fr_FR","og_type":"article","og_title":"Herrajes para Carretera, Se\u00f1alizaci\u00f3n y Autom\u00f3vil - Grupo Apell\u00e1niz","og_description":"La Obra Publica siempre&nbsp;ha sido una referencia para Elementos de Sujeci\u00f3n Galvanizados. Los herrajes destinados a la Carretera, Se\u00f1alizaci\u00f3n, Autom\u00f3vil y Seguridad Vial, constituyen uno de los sectores m\u00e1s activos de la empresa. Se\u00f1alizaci\u00f3n y autom\u00f3vil . Los herrajes que fabricamos se ajustan a la norma que se encuentre en vigor. No obstante, en caso [&hellip;]","og_url":"https:\/\/www.grupoapellaniz.com\/fr\/catalogo\/esg\/herrajes-metalicos\/herrajes-para-carretera-senalizacion-y-automovil\/","og_site_name":"Grupo Apell\u00e1niz","article_modified_time":"2024-06-10T11:28:02+00:00","og_image":[{"width":1200,"height":1200,"url":"https:\/\/www.grupoapellaniz.com\/wp-content\/uploads\/2021\/01\/carreteras.jpg","type":"image\/jpeg"}],"twitter_card":"summary_large_image","twitter_misc":{"Dur\u00e9e de lecture estim\u00e9e":"1 minute"},"schema":{"@context":"https:\/\/schema.org","@graph":[{"@type":"WebPage","@id":"https:\/\/www.grupoapellaniz.com\/catalogo\/esg\/herrajes-metalicos\/herrajes-para-carretera-senalizacion-y-automovil\/","url":"https:\/\/www.grupoapellaniz.com\/catalogo\/esg\/herrajes-metalicos\/herrajes-para-carretera-senalizacion-y-automovil\/","name":"Herrajes para Carretera, Se\u00f1alizaci\u00f3n y Autom\u00f3vil - Grupo Apell\u00e1niz","isPartOf":{"@id":"https:\/\/www.grupoapellaniz.com\/#website"},"primaryImageOfPage":{"@id":"https:\/\/www.grupoapellaniz.com\/catalogo\/esg\/herrajes-metalicos\/herrajes-para-carretera-senalizacion-y-automovil\/#primaryimage"},"image":{"@id":"https:\/\/www.grupoapellaniz.com\/catalogo\/esg\/herrajes-metalicos\/herrajes-para-carretera-senalizacion-y-automovil\/#primaryimage"},"thumbnailUrl":"https:\/\/www.grupoapellaniz.com\/wp-content\/uploads\/2021\/01\/carreteras.jpg","datePublished":"2021-01-28T13:28:57+00:00","dateModified":"2024-06-10T11:28:02+00:00","breadcrumb":{"@id":"https:\/\/www.grupoapellaniz.com\/catalogo\/esg\/herrajes-metalicos\/herrajes-para-carretera-senalizacion-y-automovil\/#breadcrumb"},"inLanguage":"fr-FR","potentialAction":[{"@type":"ReadAction","target":["https:\/\/www.grupoapellaniz.com\/catalogo\/esg\/herrajes-metalicos\/herrajes-para-carretera-senalizacion-y-automovil\/"]}]},{"@type":"ImageObject","inLanguage":"fr-FR","@id":"https:\/\/www.grupoapellaniz.com\/catalogo\/esg\/herrajes-metalicos\/herrajes-para-carretera-senalizacion-y-automovil\/#primaryimage","url":"https:\/\/www.grupoapellaniz.com\/wp-content\/uploads\/2021\/01\/carreteras.jpg","contentUrl":"https:\/\/www.grupoapellaniz.com\/wp-content\/uploads\/2021\/01\/carreteras.jpg","width":1200,"height":1200},{"@type":"BreadcrumbList","@id":"https:\/\/www.grupoapellaniz.com\/catalogo\/esg\/herrajes-metalicos\/herrajes-para-carretera-senalizacion-y-automovil\/#breadcrumb","itemListElement":[{"@type":"ListItem","position":1,"name":"Portada","item":"https:\/\/www.grupoapellaniz.com\/"},{"@type":"ListItem","position":2,"name":"ESG","item":"https:\/\/www.grupoapellaniz.com\/catalogo\/esg\/"},{"@type":"ListItem","position":3,"name":"Herrajes Met\u00e1licos de alta calidad para aplicaciones industriales","item":"https:\/\/www.grupoapellaniz.com\/catalogo\/esg\/herrajes-metalicos\/"},{"@type":"ListItem","position":4,"name":"Herrajes para Carretera, Se\u00f1alizaci\u00f3n y Autom\u00f3vil"}]},{"@type":"WebSite","@id":"https:\/\/www.grupoapellaniz.com\/#website","url":"https:\/\/www.grupoapellaniz.com\/","name":"Groupe Apell\u00e1niz","description":"Elementos de sujeci\u00f3n galvanizados y prefabricados de hormig\u00f3n","publisher":{"@id":"https:\/\/www.grupoapellaniz.com\/#organization"},"potentialAction":[{"@type":"SearchAction","target":{"@type":"EntryPoint","urlTemplate":"https:\/\/www.grupoapellaniz.com\/?s={search_term_string}"},"query-input":{"@type":"PropertyValueSpecification","valueRequired":true,"valueName":"search_term_string"}}],"inLanguage":"fr-FR"},{"@type":"Organization","@id":"https:\/\/www.grupoapellaniz.com\/#organization","name":"Groupe Apell\u00e1niz","url":"https:\/\/www.grupoapellaniz.com\/","logo":{"@type":"ImageObject","inLanguage":"fr-FR","@id":"https:\/\/www.grupoapellaniz.com\/#\/schema\/logo\/image\/","url":"https:\/\/www.grupoapellaniz.com\/wp-content\/uploads\/2020\/10\/logo-apellaniz.png","contentUrl":"https:\/\/www.grupoapellaniz.com\/wp-content\/uploads\/2020\/10\/logo-apellaniz.png","width":300,"height":66,"caption":"Grupo Apell\u00e1niz"},"image":{"@id":"https:\/\/www.grupoapellaniz.com\/#\/schema\/logo\/image\/"}}]}},"_links":{"self":[{"href":"https:\/\/www.grupoapellaniz.com\/fr\/wp-json\/wp\/v2\/contenido\/1839","targetHints":{"allow":["GET"]}}],"collection":[{"href":"https:\/\/www.grupoapellaniz.com\/fr\/wp-json\/wp\/v2\/contenido"}],"about":[{"href":"https:\/\/www.grupoapellaniz.com\/fr\/wp-json\/wp\/v2\/types\/contenido"}],"up":[{"embeddable":true,"href":"https:\/\/www.grupoapellaniz.com\/fr\/wp-json\/wp\/v2\/contenido\/1838"}],"wp:featuredmedia":[{"embeddable":true,"href":"https:\/\/www.grupoapellaniz.com\/fr\/wp-json\/wp\/v2\/media\/1975"}],"wp:attachment":[{"href":"https:\/\/www.grupoapellaniz.com\/fr\/wp-json\/wp\/v2\/media?parent=1839"}],"curies":[{"name":"wp","href":"https:\/\/api.w.org\/{rel}","templated":true}]}}