{"id":962,"date":"2020-10-16T19:16:30","date_gmt":"2020-10-16T17:16:30","guid":{"rendered":"https:\/\/www.grupoapellaniz.com\/?post_type=contenido&#038;p=962"},"modified":"2026-02-23T16:33:56","modified_gmt":"2026-02-23T15:33:56","slug":"arqueta-electrica-modular","status":"publish","type":"contenido","link":"https:\/\/www.grupoapellaniz.com\/en\/catalogo\/bupre\/electricas-y-saneamiento\/arquetas\/arqueta-electrica-modular\/","title":{"rendered":"Arqueta modular para red el\u00e9ctrica"},"content":{"rendered":"<p>Our <strong>arquetas modulares <\/strong>prefabricadas de hormig\u00f3n est\u00e1n dise\u00f1adas para su uso en <strong>redes el\u00e9ctricas, canalizaciones subterr\u00e1neas y obra civil.<\/strong> Fabricadas con<strong> hormig\u00f3n de alta resistencia<\/strong> \u2265 400 kp\/cm\u00b2, cumplen con las condiciones establecidas en la reglamentaci\u00f3n vigente,<strong> C\u00f3digo Estructural, <\/strong>garantizando su <strong>calidad, resistencia y durabilidad.<\/strong><\/p>\n\n\n\n<h2 class=\"wp-block-heading\">Caracter\u00edsticas de la arqueta modular BUPRE para red el\u00e9ctrica<\/h2>\n\n\n\n<p>The <strong>arqueta prefabricada de hormig\u00f3n BUPRE para red el\u00e9ctrica<\/strong> est\u00e1 compuesta por<strong> piezas modulares<\/strong> entre las que destacan:<\/p>\n\n\n\n<ul class=\"wp-block-list\">\n<li>Base box<\/li>\n\n\n\n<li>Anillo de suplementaci\u00f3, que permite ajustar la altura final a cada proyecto<\/li>\n\n\n\n<li>Reduction cone <\/li>\n<\/ul>\n\n\n\n<p>El sistema modular permite una <strong>adaptaci\u00f3n flexible a distintas profundidades<\/strong>, facilitando su montaje en obra y reduciendo tiempos de instalaci\u00f3n y convirti\u00e9ndola en una soluci\u00f3n vers\u00e1til para <strong>infraestructuras el\u00e9ctricas, proyectos de urbanizaci\u00f3n y obra civil<\/strong>.<\/p>\n\n\n\n<p>Asimismo, cuenta con una <strong>cota de paso interior de 600 mm<\/strong>, ofreciendo un espacio de trabajo adecuado para canalizaciones subterr\u00e1neas.<\/p>\n\n\n\n<p>The <strong>ventanas laterales<\/strong> de la arqueta modular est\u00e1n dise\u00f1adas para facilitar la <strong>entrada de canalizaciones hasta 3 tubos de 160 mm o hasta 5 tubos de 110 mm <\/strong>por cada pared.<\/p>\n\n\n\n<h2 class=\"wp-block-heading\">Armadura de la arqueta modular<\/h2>\n\n\n\n<p>The <strong>arquetas para red el\u00e9ctrica de BUPRE<\/strong> incorporan <strong>armadura interior de acero de alta calidad<\/strong> que asegura su excelente comportamiento estructural incluso en las condiciones m\u00e1s exigentes:<\/p>\n\n\n\n<ul class=\"wp-block-list\">\n<li>Acero corrugado <strong>B 500 SD<\/strong> seg\u00fan Norma <strong>UNE 36065 EX-00<\/strong><\/li>\n\n\n\n<li>Acero estructural <strong>S275 JR<\/strong> seg\u00fan Norma <strong>UNE-EN 10025<\/strong><\/li>\n\n\n\n<li><strong>Hot dip galvanising<\/strong> seg\u00fan Norma <strong>UNE-EN ISO 1461<\/strong>, para garantizar la m\u00e1xima protecci\u00f3n anticorrosi\u00f3n.<\/li>\n<\/ul>\n\n\n\n<h2 class=\"wp-block-heading\">Aplicaciones de la arqueta modular para red el\u00e9ctrica de BUPRE<\/h2>\n\n\n\n<p>Como fabricante de arquetas de hormig\u00f3n, suministramos soluciones t\u00e9cnicas para infraestructuras el\u00e9ctricas y de obra civil tanto en proyectos urbanos como industriales, a nivel local, regional y nacional.<\/p>\n\n\n\n<p>The <strong>arqueta modular para red el\u00e9ctrica de BUPRE<\/strong> se emplea principalmente en los siguientes \u00e1mbitos:<\/p>\n\n\n\n<ul class=\"wp-block-list\">\n<li><strong>Redes de distribuci\u00f3n el\u00e9ctrica<\/strong><br>Utilizada en redes de <strong>media y baja tensi\u00f3n<\/strong>, la arqueta modular para red el\u00e9ctrica act\u00faa como elemento de registro, paso y protecci\u00f3n del cableado, formando parte de la infraestructura de distribuci\u00f3n el\u00e9ctrica exigida por las compa\u00f1\u00edas suministradoras.<\/li>\n\n\n\n<li><strong>Canalizaciones subterr\u00e1neas para instalaciones el\u00e9ctricas<\/strong><br>Adecuada para la canalizaci\u00f3n y ordenaci\u00f3n de conducciones el\u00e9ctricas, permite la entrada y salida de tubos y facilita las labores de <strong>mantenimiento, inspecci\u00f3n y ampliaci\u00f3n<\/strong> de las instalaciones el\u00e9ctricas subterr\u00e1neas.<\/li>\n\n\n\n<li><strong>Instalaciones el\u00e9ctricas en obra civil<\/strong><br>Empleada tanto infraestructuras p\u00fablicas como en proyectos de urbanizaci\u00f3n donde se requieren arquetas de hormig\u00f3n prefabricadas conforme a la normativa vigente, <strong>C\u00f3digo Estructural<\/strong>.<\/li>\n\n\n\n<li><strong>Infraestructuras urbanas y parques industriales<\/strong><br>Indicada para pol\u00edgonos industriales, parques empresariales y entornos urbanos, donde se concentran redes el\u00e9ctricas subterr\u00e1neas y se precisa un proveedor de arquetas el\u00e9ctricas capaz de suministrar <strong>soluciones modulares resistentes y adaptadas a cada proyecto<\/strong>.<\/li>\n<\/ul>\n\n\n\n<p class=\"has-text-align-center has-cyan-bluish-gray-background-color has-background has-medium-font-size\"><strong>Caracter\u00edsticas de las piezas modulares de la Arqueta para red el\u00e9ctrica<\/strong><\/p>\n\n\n\n<figure class=\"wp-block-table is-style-stripes\"><table><thead><tr><th class=\"has-text-align-left\" data-align=\"left\">DESCRIPTION<\/th><th class=\"has-text-align-center\" data-align=\"center\">LIGHT<\/th><th class=\"has-text-align-center\" data-align=\"center\">WALL<\/th><th class=\"has-text-align-center\" data-align=\"center\">HEIGHT<\/th><th class=\"has-text-align-center\" data-align=\"center\">WEIGHT kg.<\/th><\/tr><\/thead><tbody><tr><td class=\"has-text-align-left\" data-align=\"left\">Base box<\/td><td class=\"has-text-align-center\" data-align=\"center\">1000&#215;1000<\/td><td class=\"has-text-align-center\" data-align=\"center\">80<\/td><td class=\"has-text-align-center\" data-align=\"center\">600 <\/td><td class=\"has-text-align-center\" data-align=\"center\">340<\/td><\/tr><tr><td class=\"has-text-align-left\" data-align=\"left\">Anillo de suplementaci\u00f3n Tipo 1<\/td><td class=\"has-text-align-center\" data-align=\"center\">1000&#215;1000<\/td><td class=\"has-text-align-center\" data-align=\"center\">80<\/td><td class=\"has-text-align-center\" data-align=\"center\">100<\/td><td class=\"has-text-align-center\" data-align=\"center\">88<\/td><\/tr><tr><td class=\"has-text-align-left\" data-align=\"left\">Anillo de suplementaci\u00f3n Tipo 2<\/td><td class=\"has-text-align-center\" data-align=\"center\">1000&#215;1000<\/td><td class=\"has-text-align-center\" data-align=\"center\">80<\/td><td class=\"has-text-align-center\" data-align=\"center\">200<\/td><td class=\"has-text-align-center\" data-align=\"center\">176<\/td><\/tr><tr><td class=\"has-text-align-left\" data-align=\"left\">Cono<\/td><td class=\"has-text-align-center\" data-align=\"center\">1000 a 600\u00d7600<\/td><td class=\"has-text-align-center\" data-align=\"center\">80<\/td><td class=\"has-text-align-center\" data-align=\"center\">350<\/td><td class=\"has-text-align-center\" data-align=\"center\">245<\/td><\/tr><\/tbody><\/table><\/figure>\n\n\n\n<p><\/p>","protected":false},"featured_media":1552,"parent":921,"menu_order":27,"template":"","class_list":["post-962","contenido","type-contenido","status-publish","has-post-thumbnail","hentry"],"acf":[],"yoast_head":"<!-- This site is optimized with the Yoast SEO plugin v27.4 - https:\/\/yoast.com\/product\/yoast-seo-wordpress\/ -->\n<title>Arqueta modular para red el\u00e9ctrica - Grupo Apell\u00e1niz<\/title>\n<meta name=\"robots\" content=\"index, follow, max-snippet:-1, max-image-preview:large, max-video-preview:-1\" \/>\n<link rel=\"canonical\" href=\"https:\/\/www.grupoapellaniz.com\/en\/catalogo\/bupre\/electricas-y-saneamiento\/arquetas\/arqueta-electrica-modular\/\" \/>\n<meta property=\"og:locale\" content=\"en_GB\" \/>\n<meta property=\"og:type\" content=\"article\" \/>\n<meta property=\"og:title\" content=\"Arqueta modular para red el\u00e9ctrica - Grupo Apell\u00e1niz\" \/>\n<meta property=\"og:description\" content=\"Nuestras arquetas modulares prefabricadas de hormig\u00f3n est\u00e1n dise\u00f1adas para su uso en redes el\u00e9ctricas, canalizaciones subterr\u00e1neas y obra civil. Fabricadas con hormig\u00f3n de alta resistencia \u2265 400 kp\/cm\u00b2, cumplen con las condiciones establecidas en la reglamentaci\u00f3n vigente, C\u00f3digo Estructural, garantizando su calidad, resistencia y durabilidad. Caracter\u00edsticas de la arqueta modular BUPRE para red el\u00e9ctrica La [&hellip;]\" \/>\n<meta property=\"og:url\" content=\"https:\/\/www.grupoapellaniz.com\/en\/catalogo\/bupre\/electricas-y-saneamiento\/arquetas\/arqueta-electrica-modular\/\" \/>\n<meta property=\"og:site_name\" content=\"Grupo Apell\u00e1niz\" \/>\n<meta property=\"article:modified_time\" content=\"2026-02-23T15:33:56+00:00\" \/>\n<meta property=\"og:image\" content=\"https:\/\/www.grupoapellaniz.com\/wp-content\/uploads\/2020\/10\/arquetas-iberdrola-pq.jpg\" \/>\n\t<meta property=\"og:image:width\" content=\"2000\" \/>\n\t<meta property=\"og:image:height\" content=\"2000\" \/>\n\t<meta property=\"og:image:type\" content=\"image\/jpeg\" \/>\n<meta name=\"twitter:card\" content=\"summary_large_image\" \/>\n<meta name=\"twitter:label1\" content=\"Estimated reading time\" \/>\n\t<meta name=\"twitter:data1\" content=\"3 minutes\" \/>\n<script type=\"application\/ld+json\" class=\"yoast-schema-graph\">{\"@context\":\"https:\\\/\\\/schema.org\",\"@graph\":[{\"@type\":\"WebPage\",\"@id\":\"https:\\\/\\\/www.grupoapellaniz.com\\\/pt\\\/catalogo\\\/bupre\\\/electricas-y-saneamiento\\\/arquetas\\\/arqueta-electrica-modular\\\/\",\"url\":\"https:\\\/\\\/www.grupoapellaniz.com\\\/pt\\\/catalogo\\\/bupre\\\/electricas-y-saneamiento\\\/arquetas\\\/arqueta-electrica-modular\\\/\",\"name\":\"Arqueta modular para red el\u00e9ctrica - Grupo Apell\u00e1niz\",\"isPartOf\":{\"@id\":\"https:\\\/\\\/www.grupoapellaniz.com\\\/#website\"},\"primaryImageOfPage\":{\"@id\":\"https:\\\/\\\/www.grupoapellaniz.com\\\/pt\\\/catalogo\\\/bupre\\\/electricas-y-saneamiento\\\/arquetas\\\/arqueta-electrica-modular\\\/#primaryimage\"},\"image\":{\"@id\":\"https:\\\/\\\/www.grupoapellaniz.com\\\/pt\\\/catalogo\\\/bupre\\\/electricas-y-saneamiento\\\/arquetas\\\/arqueta-electrica-modular\\\/#primaryimage\"},\"thumbnailUrl\":\"https:\\\/\\\/www.grupoapellaniz.com\\\/wp-content\\\/uploads\\\/2020\\\/10\\\/arquetas-iberdrola-pq.jpg\",\"datePublished\":\"2020-10-16T17:16:30+00:00\",\"dateModified\":\"2026-02-23T15:33:56+00:00\",\"breadcrumb\":{\"@id\":\"https:\\\/\\\/www.grupoapellaniz.com\\\/pt\\\/catalogo\\\/bupre\\\/electricas-y-saneamiento\\\/arquetas\\\/arqueta-electrica-modular\\\/#breadcrumb\"},\"inLanguage\":\"en-GB\",\"potentialAction\":[{\"@type\":\"ReadAction\",\"target\":[\"https:\\\/\\\/www.grupoapellaniz.com\\\/pt\\\/catalogo\\\/bupre\\\/electricas-y-saneamiento\\\/arquetas\\\/arqueta-electrica-modular\\\/\"]}]},{\"@type\":\"ImageObject\",\"inLanguage\":\"en-GB\",\"@id\":\"https:\\\/\\\/www.grupoapellaniz.com\\\/pt\\\/catalogo\\\/bupre\\\/electricas-y-saneamiento\\\/arquetas\\\/arqueta-electrica-modular\\\/#primaryimage\",\"url\":\"https:\\\/\\\/www.grupoapellaniz.com\\\/wp-content\\\/uploads\\\/2020\\\/10\\\/arquetas-iberdrola-pq.jpg\",\"contentUrl\":\"https:\\\/\\\/www.grupoapellaniz.com\\\/wp-content\\\/uploads\\\/2020\\\/10\\\/arquetas-iberdrola-pq.jpg\",\"width\":2000,\"height\":2000},{\"@type\":\"BreadcrumbList\",\"@id\":\"https:\\\/\\\/www.grupoapellaniz.com\\\/pt\\\/catalogo\\\/bupre\\\/electricas-y-saneamiento\\\/arquetas\\\/arqueta-electrica-modular\\\/#breadcrumb\",\"itemListElement\":[{\"@type\":\"ListItem\",\"position\":1,\"name\":\"Portada\",\"item\":\"https:\\\/\\\/www.grupoapellaniz.com\\\/\"},{\"@type\":\"ListItem\",\"position\":2,\"name\":\"BUPRE\",\"item\":\"https:\\\/\\\/www.grupoapellaniz.com\\\/catalogo\\\/bupre\\\/\"},{\"@type\":\"ListItem\",\"position\":3,\"name\":\"El\u00e9ctricas y saneamiento\",\"item\":\"https:\\\/\\\/www.grupoapellaniz.com\\\/en\\\/catalogo\\\/bupre\\\/electricas-y-saneamiento\\\/\"},{\"@type\":\"ListItem\",\"position\":4,\"name\":\"Arquetas Electricidad y Saneamiento\",\"item\":\"https:\\\/\\\/www.grupoapellaniz.com\\\/en\\\/catalogo\\\/bupre\\\/electricas-y-saneamiento\\\/arquetas\\\/\"},{\"@type\":\"ListItem\",\"position\":5,\"name\":\"Arqueta modular para red el\u00e9ctrica\"}]},{\"@type\":\"WebSite\",\"@id\":\"https:\\\/\\\/www.grupoapellaniz.com\\\/#website\",\"url\":\"https:\\\/\\\/www.grupoapellaniz.com\\\/\",\"name\":\"Grupo Apell\u00e1niz\",\"description\":\"Elementos de sujeci\u00f3n galvanizados y prefabricados de hormig\u00f3n\",\"publisher\":{\"@id\":\"https:\\\/\\\/www.grupoapellaniz.com\\\/#organization\"},\"potentialAction\":[{\"@type\":\"SearchAction\",\"target\":{\"@type\":\"EntryPoint\",\"urlTemplate\":\"https:\\\/\\\/www.grupoapellaniz.com\\\/?s={search_term_string}\"},\"query-input\":{\"@type\":\"PropertyValueSpecification\",\"valueRequired\":true,\"valueName\":\"search_term_string\"}}],\"inLanguage\":\"en-GB\"},{\"@type\":\"Organization\",\"@id\":\"https:\\\/\\\/www.grupoapellaniz.com\\\/#organization\",\"name\":\"Grupo Apell\u00e1niz\",\"url\":\"https:\\\/\\\/www.grupoapellaniz.com\\\/\",\"logo\":{\"@type\":\"ImageObject\",\"inLanguage\":\"en-GB\",\"@id\":\"https:\\\/\\\/www.grupoapellaniz.com\\\/#\\\/schema\\\/logo\\\/image\\\/\",\"url\":\"https:\\\/\\\/www.grupoapellaniz.com\\\/wp-content\\\/uploads\\\/2020\\\/10\\\/logo-apellaniz.png\",\"contentUrl\":\"https:\\\/\\\/www.grupoapellaniz.com\\\/wp-content\\\/uploads\\\/2020\\\/10\\\/logo-apellaniz.png\",\"width\":300,\"height\":66,\"caption\":\"Grupo Apell\u00e1niz\"},\"image\":{\"@id\":\"https:\\\/\\\/www.grupoapellaniz.com\\\/#\\\/schema\\\/logo\\\/image\\\/\"}}]}<\/script>\n<!-- \/ Yoast SEO plugin. -->","yoast_head_json":{"title":"Arqueta modular para red el\u00e9ctrica - Grupo Apell\u00e1niz","robots":{"index":"index","follow":"follow","max-snippet":"max-snippet:-1","max-image-preview":"max-image-preview:large","max-video-preview":"max-video-preview:-1"},"canonical":"https:\/\/www.grupoapellaniz.com\/en\/catalogo\/bupre\/electricas-y-saneamiento\/arquetas\/arqueta-electrica-modular\/","og_locale":"en_GB","og_type":"article","og_title":"Arqueta modular para red el\u00e9ctrica - Grupo Apell\u00e1niz","og_description":"Nuestras arquetas modulares prefabricadas de hormig\u00f3n est\u00e1n dise\u00f1adas para su uso en redes el\u00e9ctricas, canalizaciones subterr\u00e1neas y obra civil. Fabricadas con hormig\u00f3n de alta resistencia \u2265 400 kp\/cm\u00b2, cumplen con las condiciones establecidas en la reglamentaci\u00f3n vigente, C\u00f3digo Estructural, garantizando su calidad, resistencia y durabilidad. Caracter\u00edsticas de la arqueta modular BUPRE para red el\u00e9ctrica La [&hellip;]","og_url":"https:\/\/www.grupoapellaniz.com\/en\/catalogo\/bupre\/electricas-y-saneamiento\/arquetas\/arqueta-electrica-modular\/","og_site_name":"Grupo Apell\u00e1niz","article_modified_time":"2026-02-23T15:33:56+00:00","og_image":[{"width":2000,"height":2000,"url":"https:\/\/www.grupoapellaniz.com\/wp-content\/uploads\/2020\/10\/arquetas-iberdrola-pq.jpg","type":"image\/jpeg"}],"twitter_card":"summary_large_image","twitter_misc":{"Estimated reading time":"3 minutes"},"schema":{"@context":"https:\/\/schema.org","@graph":[{"@type":"WebPage","@id":"https:\/\/www.grupoapellaniz.com\/pt\/catalogo\/bupre\/electricas-y-saneamiento\/arquetas\/arqueta-electrica-modular\/","url":"https:\/\/www.grupoapellaniz.com\/pt\/catalogo\/bupre\/electricas-y-saneamiento\/arquetas\/arqueta-electrica-modular\/","name":"Arqueta modular para red el\u00e9ctrica - Grupo Apell\u00e1niz","isPartOf":{"@id":"https:\/\/www.grupoapellaniz.com\/#website"},"primaryImageOfPage":{"@id":"https:\/\/www.grupoapellaniz.com\/pt\/catalogo\/bupre\/electricas-y-saneamiento\/arquetas\/arqueta-electrica-modular\/#primaryimage"},"image":{"@id":"https:\/\/www.grupoapellaniz.com\/pt\/catalogo\/bupre\/electricas-y-saneamiento\/arquetas\/arqueta-electrica-modular\/#primaryimage"},"thumbnailUrl":"https:\/\/www.grupoapellaniz.com\/wp-content\/uploads\/2020\/10\/arquetas-iberdrola-pq.jpg","datePublished":"2020-10-16T17:16:30+00:00","dateModified":"2026-02-23T15:33:56+00:00","breadcrumb":{"@id":"https:\/\/www.grupoapellaniz.com\/pt\/catalogo\/bupre\/electricas-y-saneamiento\/arquetas\/arqueta-electrica-modular\/#breadcrumb"},"inLanguage":"en-GB","potentialAction":[{"@type":"ReadAction","target":["https:\/\/www.grupoapellaniz.com\/pt\/catalogo\/bupre\/electricas-y-saneamiento\/arquetas\/arqueta-electrica-modular\/"]}]},{"@type":"ImageObject","inLanguage":"en-GB","@id":"https:\/\/www.grupoapellaniz.com\/pt\/catalogo\/bupre\/electricas-y-saneamiento\/arquetas\/arqueta-electrica-modular\/#primaryimage","url":"https:\/\/www.grupoapellaniz.com\/wp-content\/uploads\/2020\/10\/arquetas-iberdrola-pq.jpg","contentUrl":"https:\/\/www.grupoapellaniz.com\/wp-content\/uploads\/2020\/10\/arquetas-iberdrola-pq.jpg","width":2000,"height":2000},{"@type":"BreadcrumbList","@id":"https:\/\/www.grupoapellaniz.com\/pt\/catalogo\/bupre\/electricas-y-saneamiento\/arquetas\/arqueta-electrica-modular\/#breadcrumb","itemListElement":[{"@type":"ListItem","position":1,"name":"Portada","item":"https:\/\/www.grupoapellaniz.com\/"},{"@type":"ListItem","position":2,"name":"BUPRE","item":"https:\/\/www.grupoapellaniz.com\/catalogo\/bupre\/"},{"@type":"ListItem","position":3,"name":"El\u00e9ctricas y saneamiento","item":"https:\/\/www.grupoapellaniz.com\/en\/catalogo\/bupre\/electricas-y-saneamiento\/"},{"@type":"ListItem","position":4,"name":"Arquetas Electricidad y Saneamiento","item":"https:\/\/www.grupoapellaniz.com\/en\/catalogo\/bupre\/electricas-y-saneamiento\/arquetas\/"},{"@type":"ListItem","position":5,"name":"Arqueta modular para red el\u00e9ctrica"}]},{"@type":"WebSite","@id":"https:\/\/www.grupoapellaniz.com\/#website","url":"https:\/\/www.grupoapellaniz.com\/","name":"Apell\u00e1niz Group","description":"Elementos de sujeci\u00f3n galvanizados y prefabricados de hormig\u00f3n","publisher":{"@id":"https:\/\/www.grupoapellaniz.com\/#organization"},"potentialAction":[{"@type":"SearchAction","target":{"@type":"EntryPoint","urlTemplate":"https:\/\/www.grupoapellaniz.com\/?s={search_term_string}"},"query-input":{"@type":"PropertyValueSpecification","valueRequired":true,"valueName":"search_term_string"}}],"inLanguage":"en-GB"},{"@type":"Organization","@id":"https:\/\/www.grupoapellaniz.com\/#organization","name":"Apell\u00e1niz Group","url":"https:\/\/www.grupoapellaniz.com\/","logo":{"@type":"ImageObject","inLanguage":"en-GB","@id":"https:\/\/www.grupoapellaniz.com\/#\/schema\/logo\/image\/","url":"https:\/\/www.grupoapellaniz.com\/wp-content\/uploads\/2020\/10\/logo-apellaniz.png","contentUrl":"https:\/\/www.grupoapellaniz.com\/wp-content\/uploads\/2020\/10\/logo-apellaniz.png","width":300,"height":66,"caption":"Grupo Apell\u00e1niz"},"image":{"@id":"https:\/\/www.grupoapellaniz.com\/#\/schema\/logo\/image\/"}}]}},"_links":{"self":[{"href":"https:\/\/www.grupoapellaniz.com\/en\/wp-json\/wp\/v2\/contenido\/962","targetHints":{"allow":["GET"]}}],"collection":[{"href":"https:\/\/www.grupoapellaniz.com\/en\/wp-json\/wp\/v2\/contenido"}],"about":[{"href":"https:\/\/www.grupoapellaniz.com\/en\/wp-json\/wp\/v2\/types\/contenido"}],"up":[{"embeddable":true,"href":"https:\/\/www.grupoapellaniz.com\/en\/wp-json\/wp\/v2\/contenido\/921"}],"wp:featuredmedia":[{"embeddable":true,"href":"https:\/\/www.grupoapellaniz.com\/en\/wp-json\/wp\/v2\/media\/1552"}],"wp:attachment":[{"href":"https:\/\/www.grupoapellaniz.com\/en\/wp-json\/wp\/v2\/media?parent=962"}],"curies":[{"name":"wp","href":"https:\/\/api.w.org\/{rel}","templated":true}]}}