{"id":2449,"date":"2023-12-21T11:22:30","date_gmt":"2023-12-21T10:22:30","guid":{"rendered":"https:\/\/www.grupoapellaniz.com\/?post_type=contenido&#038;p=2449"},"modified":"2026-02-23T16:53:05","modified_gmt":"2026-02-23T15:53:05","slug":"arqueta-iberdrola-ar","status":"publish","type":"contenido","link":"https:\/\/www.grupoapellaniz.com\/en\/catalogo\/bupre\/electricas-y-saneamiento\/arquetas\/productos-iberdrola\/arqueta-iberdrola-ar\/","title":{"rendered":"Arqueta AR homologada por I-DE Grupo Iberdrola"},"content":{"rendered":"<h2 class=\"wp-block-heading\">Desarrollo conjunto de BUPRE con I-DE Grupo Iberdrola para subestaciones el\u00e9ctricas<\/h2>\n\n\n\n<p>The <strong>arquetas Iberdrola tipo AR <\/strong>han sido <strong>desarrolladas por el departamento de I+D de BUPRE en colaboraci\u00f3n directa con I-DE Grupo Iberdrola<\/strong>, con el objetivo de dar respuesta a las exigencias t\u00e9cnicas espec\u00edficas de las<strong> subestaciones el\u00e9ctricas<\/strong>.<\/p>\n\n\n\n<p>Este trabajo conjunto ha permitido dise\u00f1ar una <strong>nueva gama de arquetas <\/strong><strong>prefabricadas de hormig\u00f3n<\/strong><strong>,<\/strong> plenamente alineadas con las <strong>especificaciones t\u00e9cnicas y criterios de calidad de I-DE Grupo Iberdrola<\/strong>.<\/p>\n\n\n\n<p>El resultado es un producto <strong>robusto, funcional y duradero<\/strong><strong>,<\/strong> se\u00f1a de identidad de BUPRE y garant\u00eda de un excelente comportamiento en obra y en servicio.<\/p>\n\n\n\n<h2 class=\"wp-block-heading\">Caracter\u00edsticas de las arquetas Iberdrola tipo AR para subestaciones<\/h2>\n\n\n\n<p>La gama de <strong>arquetas AR homologadas por I-DE Grupo Iberdrola<\/strong> est\u00e1 compuesta por <strong>tres modelos de arquetas<\/strong>, todos ellos dise\u00f1ados bajo los mismos criterios constructivos y de calidad:<\/p>\n\n\n\n<ul class=\"wp-block-list\">\n<li>Las arquetas disponen, en <strong>sus cuatro caras,<\/strong> from <strong>ventanas rebajadas<\/strong> que facilitan la rotura en obra para la entrada de conductos y canalizaciones el\u00e9ctricas.<\/li>\n\n\n\n<li>Incorporan <strong>dos anclajes roscados M16<\/strong> que permiten una <strong>manipulaci\u00f3n segura y eficiente<\/strong> durante el transporte y la instalaci\u00f3n, con posibilidad de suministro de galvanizado en caliente.<\/li>\n\n\n\n<li>Todas las arquetas llevan el <strong>mismo remate superior de hormig\u00f3n armado<\/strong>, garantizando uniformidad y compatibilidad con los sistemas prescritos.<\/li>\n\n\n\n<li><strong>Opci\u00f3n de arqueta con solera<\/strong>, equipada con <strong>agujero de drenaje<\/strong>, para adaptarse a las condiciones del terreno y a los requisitos de la instalaci\u00f3n.<\/li>\n<\/ul>\n\n\n\n<p>Disponemos de <strong>diferentes medidas normalizadas<\/strong> y, como fabricantes de arquetas de hormig\u00f3n, estudiaremos cualquier <strong>soluci\u00f3n especial o a medida<\/strong> que pueda requerir el proyecto.<\/p>\n\n\n\n<h2 class=\"wp-block-heading\">Calidad de las arquetas Iberdrola tipo AR<\/h2>\n\n\n\n<p>Las arquetas Iberdrola tipo AR<strong> <\/strong>se fabrican con <strong>hormig\u00f3n armado HA-40\/F\/12<\/strong>, con una <strong>resistencia caracter\u00edstica a compresi\u00f3n igual o superior a 400 kp\/cm<\/strong>\u00b2, cumpliendo con las condiciones establecidas en la reglamentaci\u00f3n vigente, <strong>C\u00f3digo Estructural<\/strong>, garantizando su durabilidad, incluso en entornos exigentes propios de infraestructuras el\u00e9ctricas y subestaciones.<\/p>\n\n\n\n<p>Asimismo, incorporan <strong>armadura interior de<\/strong> <strong>acero corrugado B 500 SD<\/strong> seg\u00fan Norma <strong>UNE 36065 EX00<\/strong> que asegura el excelente comportamiento de la arqueta, incluso en las condiciones m\u00e1s exigentes.<\/p>\n\n\n\n<p>Ponemos a disposici\u00f3n de nuestros clientes los certificados correspondientes, asegurando el cumplimiento normativo exigido en proyectos de obra civil e infraestructuras p\u00fablicas.<\/p>\n\n\n\n<p class=\"has-text-align-center\"><strong><mark style=\"background-color:rgba(0, 0, 0, 0)\" class=\"has-inline-color has-black-color\">TYPES OF IBERDROLA AR CHAMBERS<\/mark><\/strong><\/p>\n\n\n\n<figure class=\"wp-block-table is-style-stripes\"><table><tbody><tr><td class=\"has-text-align-center\" data-align=\"center\"><strong>Model<\/strong><\/td><td class=\"has-text-align-center\" data-align=\"center\"><strong>Interior measurements<\/strong><\/td><td class=\"has-text-align-center\" data-align=\"center\"><strong>External Measurements<\/strong><\/td><td class=\"has-text-align-center\" data-align=\"center\"><strong>Height<\/strong><\/td><td class=\"has-text-align-center\" data-align=\"center\"><strong>Window Dimensions<\/strong><\/td><td class=\"has-text-align-center\" data-align=\"center\"><strong>Weight (kg)<\/strong><\/td><\/tr><tr><td class=\"has-text-align-center\" data-align=\"center\">AR-1<\/td><td class=\"has-text-align-center\" data-align=\"center\">477\u00d7477 mm<\/td><td class=\"has-text-align-center\" data-align=\"center\">660\u00d7660 mm<\/td><td class=\"has-text-align-center\" data-align=\"center\">700 mm<\/td><td class=\"has-text-align-center\" data-align=\"center\">350\u00d7210 mm<\/td><td class=\"has-text-align-center\" data-align=\"center\">245<\/td><\/tr><tr><td class=\"has-text-align-center\" data-align=\"center\">AR-2<\/td><td class=\"has-text-align-center\" data-align=\"center\">575\u00d7575 mm<\/td><td class=\"has-text-align-center\" data-align=\"center\">760\u00d7760 mm<\/td><td class=\"has-text-align-center\" data-align=\"center\">750 mm<\/td><td class=\"has-text-align-center\" data-align=\"center\">420\u00d7260 mm<\/td><td class=\"has-text-align-center\" data-align=\"center\">290<\/td><\/tr><tr><td class=\"has-text-align-center\" data-align=\"center\">AR-3<\/td><td class=\"has-text-align-center\" data-align=\"center\">775\u00d7775 mm<\/td><td class=\"has-text-align-center\" data-align=\"center\">960\u00d7960 mm<\/td><td class=\"has-text-align-center\" data-align=\"center\">750 mm<\/td><td class=\"has-text-align-center\" data-align=\"center\">620\u00d7260 mm<\/td><td class=\"has-text-align-center\" data-align=\"center\">310<\/td><\/tr><\/tbody><\/table><\/figure>\n\n\n\n<p><\/p>","protected":false},"featured_media":2463,"parent":2428,"menu_order":23,"template":"","class_list":["post-2449","contenido","type-contenido","status-publish","has-post-thumbnail","hentry"],"acf":[],"yoast_head":"<!-- This site is optimized with the Yoast SEO plugin v27.4 - https:\/\/yoast.com\/product\/yoast-seo-wordpress\/ -->\n<title>Arqueta AR homologada por I-DE Grupo Iberdrola - Grupo Apell\u00e1niz<\/title>\n<meta name=\"robots\" content=\"index, follow, max-snippet:-1, max-image-preview:large, max-video-preview:-1\" \/>\n<link rel=\"canonical\" href=\"https:\/\/www.grupoapellaniz.com\/en\/catalogo\/bupre\/electricas-y-saneamiento\/arquetas\/productos-iberdrola\/arqueta-iberdrola-ar\/\" \/>\n<meta property=\"og:locale\" content=\"en_GB\" \/>\n<meta property=\"og:type\" content=\"article\" \/>\n<meta property=\"og:title\" content=\"Arqueta AR homologada por I-DE Grupo Iberdrola - Grupo Apell\u00e1niz\" \/>\n<meta property=\"og:description\" content=\"Desarrollo conjunto de BUPRE con I-DE Grupo Iberdrola para subestaciones el\u00e9ctricas Las arquetas Iberdrola tipo AR han sido desarrolladas por el departamento de I+D de BUPRE en colaboraci\u00f3n directa con I-DE Grupo Iberdrola, con el objetivo de dar respuesta a las exigencias t\u00e9cnicas espec\u00edficas de las subestaciones el\u00e9ctricas. Este trabajo conjunto ha permitido dise\u00f1ar una [&hellip;]\" \/>\n<meta property=\"og:url\" content=\"https:\/\/www.grupoapellaniz.com\/en\/catalogo\/bupre\/electricas-y-saneamiento\/arquetas\/productos-iberdrola\/arqueta-iberdrola-ar\/\" \/>\n<meta property=\"og:site_name\" content=\"Grupo Apell\u00e1niz\" \/>\n<meta property=\"article:modified_time\" content=\"2026-02-23T15:53:05+00:00\" \/>\n<meta property=\"og:image\" content=\"https:\/\/www.grupoapellaniz.com\/wp-content\/uploads\/2023\/12\/fg.jpg\" \/>\n\t<meta property=\"og:image:width\" content=\"400\" \/>\n\t<meta property=\"og:image:height\" content=\"400\" \/>\n\t<meta property=\"og:image:type\" content=\"image\/jpeg\" \/>\n<meta name=\"twitter:card\" content=\"summary_large_image\" \/>\n<meta name=\"twitter:label1\" content=\"Estimated reading time\" \/>\n\t<meta name=\"twitter:data1\" content=\"2 minutes\" \/>\n<script type=\"application\/ld+json\" class=\"yoast-schema-graph\">{\"@context\":\"https:\\\/\\\/schema.org\",\"@graph\":[{\"@type\":\"WebPage\",\"@id\":\"https:\\\/\\\/www.grupoapellaniz.com\\\/en\\\/catalogo\\\/bupre\\\/electricas-y-saneamiento\\\/arquetas\\\/productos-iberdrola\\\/arqueta-iberdrola-ar\\\/\",\"url\":\"https:\\\/\\\/www.grupoapellaniz.com\\\/en\\\/catalogo\\\/bupre\\\/electricas-y-saneamiento\\\/arquetas\\\/productos-iberdrola\\\/arqueta-iberdrola-ar\\\/\",\"name\":\"Arqueta AR homologada por I-DE Grupo Iberdrola - Grupo Apell\u00e1niz\",\"isPartOf\":{\"@id\":\"https:\\\/\\\/www.grupoapellaniz.com\\\/#website\"},\"primaryImageOfPage\":{\"@id\":\"https:\\\/\\\/www.grupoapellaniz.com\\\/en\\\/catalogo\\\/bupre\\\/electricas-y-saneamiento\\\/arquetas\\\/productos-iberdrola\\\/arqueta-iberdrola-ar\\\/#primaryimage\"},\"image\":{\"@id\":\"https:\\\/\\\/www.grupoapellaniz.com\\\/en\\\/catalogo\\\/bupre\\\/electricas-y-saneamiento\\\/arquetas\\\/productos-iberdrola\\\/arqueta-iberdrola-ar\\\/#primaryimage\"},\"thumbnailUrl\":\"https:\\\/\\\/www.grupoapellaniz.com\\\/wp-content\\\/uploads\\\/2023\\\/12\\\/fg.jpg\",\"datePublished\":\"2023-12-21T10:22:30+00:00\",\"dateModified\":\"2026-02-23T15:53:05+00:00\",\"breadcrumb\":{\"@id\":\"https:\\\/\\\/www.grupoapellaniz.com\\\/en\\\/catalogo\\\/bupre\\\/electricas-y-saneamiento\\\/arquetas\\\/productos-iberdrola\\\/arqueta-iberdrola-ar\\\/#breadcrumb\"},\"inLanguage\":\"en-GB\",\"potentialAction\":[{\"@type\":\"ReadAction\",\"target\":[\"https:\\\/\\\/www.grupoapellaniz.com\\\/en\\\/catalogo\\\/bupre\\\/electricas-y-saneamiento\\\/arquetas\\\/productos-iberdrola\\\/arqueta-iberdrola-ar\\\/\"]}]},{\"@type\":\"ImageObject\",\"inLanguage\":\"en-GB\",\"@id\":\"https:\\\/\\\/www.grupoapellaniz.com\\\/en\\\/catalogo\\\/bupre\\\/electricas-y-saneamiento\\\/arquetas\\\/productos-iberdrola\\\/arqueta-iberdrola-ar\\\/#primaryimage\",\"url\":\"https:\\\/\\\/www.grupoapellaniz.com\\\/wp-content\\\/uploads\\\/2023\\\/12\\\/fg.jpg\",\"contentUrl\":\"https:\\\/\\\/www.grupoapellaniz.com\\\/wp-content\\\/uploads\\\/2023\\\/12\\\/fg.jpg\",\"width\":400,\"height\":400,\"caption\":\"CREATOR: gd-jpeg v1.0 (using IJG JPEG v62), quality = 82\"},{\"@type\":\"BreadcrumbList\",\"@id\":\"https:\\\/\\\/www.grupoapellaniz.com\\\/en\\\/catalogo\\\/bupre\\\/electricas-y-saneamiento\\\/arquetas\\\/productos-iberdrola\\\/arqueta-iberdrola-ar\\\/#breadcrumb\",\"itemListElement\":[{\"@type\":\"ListItem\",\"position\":1,\"name\":\"Portada\",\"item\":\"https:\\\/\\\/www.grupoapellaniz.com\\\/\"},{\"@type\":\"ListItem\",\"position\":2,\"name\":\"BUPRE\",\"item\":\"https:\\\/\\\/www.grupoapellaniz.com\\\/catalogo\\\/bupre\\\/\"},{\"@type\":\"ListItem\",\"position\":3,\"name\":\"El\u00e9ctricas y saneamiento\",\"item\":\"https:\\\/\\\/www.grupoapellaniz.com\\\/en\\\/catalogo\\\/bupre\\\/electricas-y-saneamiento\\\/\"},{\"@type\":\"ListItem\",\"position\":4,\"name\":\"Arquetas Electricidad y Saneamiento\",\"item\":\"https:\\\/\\\/www.grupoapellaniz.com\\\/en\\\/catalogo\\\/bupre\\\/electricas-y-saneamiento\\\/arquetas\\\/\"},{\"@type\":\"ListItem\",\"position\":5,\"name\":\"PRODUCTOS BUPRE para IBERDROLA\",\"item\":\"https:\\\/\\\/www.grupoapellaniz.com\\\/en\\\/catalogo\\\/bupre\\\/electricas-y-saneamiento\\\/arquetas\\\/productos-iberdrola\\\/\"},{\"@type\":\"ListItem\",\"position\":6,\"name\":\"Arqueta AR homologada por I-DE Grupo Iberdrola\"}]},{\"@type\":\"WebSite\",\"@id\":\"https:\\\/\\\/www.grupoapellaniz.com\\\/#website\",\"url\":\"https:\\\/\\\/www.grupoapellaniz.com\\\/\",\"name\":\"Grupo Apell\u00e1niz\",\"description\":\"Elementos de sujeci\u00f3n galvanizados y prefabricados de hormig\u00f3n\",\"publisher\":{\"@id\":\"https:\\\/\\\/www.grupoapellaniz.com\\\/#organization\"},\"potentialAction\":[{\"@type\":\"SearchAction\",\"target\":{\"@type\":\"EntryPoint\",\"urlTemplate\":\"https:\\\/\\\/www.grupoapellaniz.com\\\/?s={search_term_string}\"},\"query-input\":{\"@type\":\"PropertyValueSpecification\",\"valueRequired\":true,\"valueName\":\"search_term_string\"}}],\"inLanguage\":\"en-GB\"},{\"@type\":\"Organization\",\"@id\":\"https:\\\/\\\/www.grupoapellaniz.com\\\/#organization\",\"name\":\"Grupo Apell\u00e1niz\",\"url\":\"https:\\\/\\\/www.grupoapellaniz.com\\\/\",\"logo\":{\"@type\":\"ImageObject\",\"inLanguage\":\"en-GB\",\"@id\":\"https:\\\/\\\/www.grupoapellaniz.com\\\/#\\\/schema\\\/logo\\\/image\\\/\",\"url\":\"https:\\\/\\\/www.grupoapellaniz.com\\\/wp-content\\\/uploads\\\/2020\\\/10\\\/logo-apellaniz.png\",\"contentUrl\":\"https:\\\/\\\/www.grupoapellaniz.com\\\/wp-content\\\/uploads\\\/2020\\\/10\\\/logo-apellaniz.png\",\"width\":300,\"height\":66,\"caption\":\"Grupo Apell\u00e1niz\"},\"image\":{\"@id\":\"https:\\\/\\\/www.grupoapellaniz.com\\\/#\\\/schema\\\/logo\\\/image\\\/\"}}]}<\/script>\n<!-- \/ Yoast SEO plugin. -->","yoast_head_json":{"title":"Arqueta AR homologada por I-DE Grupo Iberdrola - Grupo Apell\u00e1niz","robots":{"index":"index","follow":"follow","max-snippet":"max-snippet:-1","max-image-preview":"max-image-preview:large","max-video-preview":"max-video-preview:-1"},"canonical":"https:\/\/www.grupoapellaniz.com\/en\/catalogo\/bupre\/electricas-y-saneamiento\/arquetas\/productos-iberdrola\/arqueta-iberdrola-ar\/","og_locale":"en_GB","og_type":"article","og_title":"Arqueta AR homologada por I-DE Grupo Iberdrola - Grupo Apell\u00e1niz","og_description":"Desarrollo conjunto de BUPRE con I-DE Grupo Iberdrola para subestaciones el\u00e9ctricas Las arquetas Iberdrola tipo AR han sido desarrolladas por el departamento de I+D de BUPRE en colaboraci\u00f3n directa con I-DE Grupo Iberdrola, con el objetivo de dar respuesta a las exigencias t\u00e9cnicas espec\u00edficas de las subestaciones el\u00e9ctricas. Este trabajo conjunto ha permitido dise\u00f1ar una [&hellip;]","og_url":"https:\/\/www.grupoapellaniz.com\/en\/catalogo\/bupre\/electricas-y-saneamiento\/arquetas\/productos-iberdrola\/arqueta-iberdrola-ar\/","og_site_name":"Grupo Apell\u00e1niz","article_modified_time":"2026-02-23T15:53:05+00:00","og_image":[{"width":400,"height":400,"url":"https:\/\/www.grupoapellaniz.com\/wp-content\/uploads\/2023\/12\/fg.jpg","type":"image\/jpeg"}],"twitter_card":"summary_large_image","twitter_misc":{"Estimated reading time":"2 minutes"},"schema":{"@context":"https:\/\/schema.org","@graph":[{"@type":"WebPage","@id":"https:\/\/www.grupoapellaniz.com\/en\/catalogo\/bupre\/electricas-y-saneamiento\/arquetas\/productos-iberdrola\/arqueta-iberdrola-ar\/","url":"https:\/\/www.grupoapellaniz.com\/en\/catalogo\/bupre\/electricas-y-saneamiento\/arquetas\/productos-iberdrola\/arqueta-iberdrola-ar\/","name":"Arqueta AR homologada por I-DE Grupo Iberdrola - Grupo Apell\u00e1niz","isPartOf":{"@id":"https:\/\/www.grupoapellaniz.com\/#website"},"primaryImageOfPage":{"@id":"https:\/\/www.grupoapellaniz.com\/en\/catalogo\/bupre\/electricas-y-saneamiento\/arquetas\/productos-iberdrola\/arqueta-iberdrola-ar\/#primaryimage"},"image":{"@id":"https:\/\/www.grupoapellaniz.com\/en\/catalogo\/bupre\/electricas-y-saneamiento\/arquetas\/productos-iberdrola\/arqueta-iberdrola-ar\/#primaryimage"},"thumbnailUrl":"https:\/\/www.grupoapellaniz.com\/wp-content\/uploads\/2023\/12\/fg.jpg","datePublished":"2023-12-21T10:22:30+00:00","dateModified":"2026-02-23T15:53:05+00:00","breadcrumb":{"@id":"https:\/\/www.grupoapellaniz.com\/en\/catalogo\/bupre\/electricas-y-saneamiento\/arquetas\/productos-iberdrola\/arqueta-iberdrola-ar\/#breadcrumb"},"inLanguage":"en-GB","potentialAction":[{"@type":"ReadAction","target":["https:\/\/www.grupoapellaniz.com\/en\/catalogo\/bupre\/electricas-y-saneamiento\/arquetas\/productos-iberdrola\/arqueta-iberdrola-ar\/"]}]},{"@type":"ImageObject","inLanguage":"en-GB","@id":"https:\/\/www.grupoapellaniz.com\/en\/catalogo\/bupre\/electricas-y-saneamiento\/arquetas\/productos-iberdrola\/arqueta-iberdrola-ar\/#primaryimage","url":"https:\/\/www.grupoapellaniz.com\/wp-content\/uploads\/2023\/12\/fg.jpg","contentUrl":"https:\/\/www.grupoapellaniz.com\/wp-content\/uploads\/2023\/12\/fg.jpg","width":400,"height":400,"caption":"CREATOR: gd-jpeg v1.0 (using IJG JPEG v62), quality = 82"},{"@type":"BreadcrumbList","@id":"https:\/\/www.grupoapellaniz.com\/en\/catalogo\/bupre\/electricas-y-saneamiento\/arquetas\/productos-iberdrola\/arqueta-iberdrola-ar\/#breadcrumb","itemListElement":[{"@type":"ListItem","position":1,"name":"Portada","item":"https:\/\/www.grupoapellaniz.com\/"},{"@type":"ListItem","position":2,"name":"BUPRE","item":"https:\/\/www.grupoapellaniz.com\/catalogo\/bupre\/"},{"@type":"ListItem","position":3,"name":"El\u00e9ctricas y saneamiento","item":"https:\/\/www.grupoapellaniz.com\/en\/catalogo\/bupre\/electricas-y-saneamiento\/"},{"@type":"ListItem","position":4,"name":"Arquetas Electricidad y Saneamiento","item":"https:\/\/www.grupoapellaniz.com\/en\/catalogo\/bupre\/electricas-y-saneamiento\/arquetas\/"},{"@type":"ListItem","position":5,"name":"PRODUCTOS BUPRE para IBERDROLA","item":"https:\/\/www.grupoapellaniz.com\/en\/catalogo\/bupre\/electricas-y-saneamiento\/arquetas\/productos-iberdrola\/"},{"@type":"ListItem","position":6,"name":"Arqueta AR homologada por I-DE Grupo Iberdrola"}]},{"@type":"WebSite","@id":"https:\/\/www.grupoapellaniz.com\/#website","url":"https:\/\/www.grupoapellaniz.com\/","name":"Apell\u00e1niz Group","description":"Elementos de sujeci\u00f3n galvanizados y prefabricados de hormig\u00f3n","publisher":{"@id":"https:\/\/www.grupoapellaniz.com\/#organization"},"potentialAction":[{"@type":"SearchAction","target":{"@type":"EntryPoint","urlTemplate":"https:\/\/www.grupoapellaniz.com\/?s={search_term_string}"},"query-input":{"@type":"PropertyValueSpecification","valueRequired":true,"valueName":"search_term_string"}}],"inLanguage":"en-GB"},{"@type":"Organization","@id":"https:\/\/www.grupoapellaniz.com\/#organization","name":"Apell\u00e1niz Group","url":"https:\/\/www.grupoapellaniz.com\/","logo":{"@type":"ImageObject","inLanguage":"en-GB","@id":"https:\/\/www.grupoapellaniz.com\/#\/schema\/logo\/image\/","url":"https:\/\/www.grupoapellaniz.com\/wp-content\/uploads\/2020\/10\/logo-apellaniz.png","contentUrl":"https:\/\/www.grupoapellaniz.com\/wp-content\/uploads\/2020\/10\/logo-apellaniz.png","width":300,"height":66,"caption":"Grupo Apell\u00e1niz"},"image":{"@id":"https:\/\/www.grupoapellaniz.com\/#\/schema\/logo\/image\/"}}]}},"_links":{"self":[{"href":"https:\/\/www.grupoapellaniz.com\/en\/wp-json\/wp\/v2\/contenido\/2449","targetHints":{"allow":["GET"]}}],"collection":[{"href":"https:\/\/www.grupoapellaniz.com\/en\/wp-json\/wp\/v2\/contenido"}],"about":[{"href":"https:\/\/www.grupoapellaniz.com\/en\/wp-json\/wp\/v2\/types\/contenido"}],"up":[{"embeddable":true,"href":"https:\/\/www.grupoapellaniz.com\/en\/wp-json\/wp\/v2\/contenido\/2428"}],"wp:featuredmedia":[{"embeddable":true,"href":"https:\/\/www.grupoapellaniz.com\/en\/wp-json\/wp\/v2\/media\/2463"}],"wp:attachment":[{"href":"https:\/\/www.grupoapellaniz.com\/en\/wp-json\/wp\/v2\/media?parent=2449"}],"curies":[{"name":"wp","href":"https:\/\/api.w.org\/{rel}","templated":true}]}}